{"id":33626,"date":"2025-07-23T07:47:23","date_gmt":"2025-07-23T07:47:23","guid":{"rendered":"https:\/\/www.hradsaris.sk\/tribe_events\/\/"},"modified":"2025-07-23T07:55:21","modified_gmt":"2025-07-23T07:55:21","slug":"jedinecne-vecerne-sprevadzanie-pre-deti-na-hrade-saris","status":"publish","type":"tribe_events","link":"https:\/\/www.hradsaris.sk\/%tribe_events-slug%\/jedinecne-vecerne-sprevadzanie-pre-deti-na-hrade-saris\/","title":{"rendered":"Jedine\u010dn\u00e9 ve\u010dern\u00e9 sprev\u00e1dzanie pre deti na hrade \u0160ari\u0161!"},"content":{"rendered":"<p>\ud83c\udf1f Poz\u00fdvame v\u0161etky deti objavi\u0165 \u010daro hradu \u0160ari\u0161! <span data-testid=\"emoji\">\ud83c\udf1f<\/span><br \/>\nV sobotu 26. j\u00fala od 17:00 hod. v\u00e1s \u010dak\u00e1 jedine\u010dn\u00e9 ve\u010dern\u00e9 sprev\u00e1dzanie pre deti, kde o\u017eije hist\u00f3ria aj fant\u00e1zia!<br \/>\nTe\u0161i\u0165 sa m\u00f4\u017eete na pestr\u00fd program, ktor\u00fd sme si pre v\u00e1s pripravili:<br \/>\n<span data-testid=\"emoji\">\ud83d\udc51<\/span> \u010co v\u00e1s \u010dak\u00e1?<br \/>\n<span data-testid=\"emoji\">\ud83c\udfad<\/span> rozpr\u00e1vkov\u00e9 predstavenie \u201ePrincezn\u00e1 Zlomilka\u201c v podan\u00ed Divadlo Aurora<br \/>\n<span data-testid=\"emoji\">\ud83d\udc34<\/span> jazdy na kon\u00edkoch po\u010das d\u0148a<br \/>\n<span data-testid=\"emoji\">\ud83e\udd56<\/span> pe\u010denie chutn\u00fdch pos\u00fachov<br \/>\n<span data-testid=\"emoji\">\u265f<\/span>\ufe0f obrovsk\u00fd hradn\u00fd \u0161ach<br \/>\n<span data-testid=\"emoji\">\ud83d\udd25<\/span> s\u00fa\u010das\u0165ou ve\u010dera bude aj jedine\u010dn\u00e9 detsk\u00e9 sprev\u00e1dzanie po n\u00e1dvor\u00ed s fak\u013eami \u2013 rozpr\u00e1vkov\u00e1 prech\u00e1dzka, ktor\u00e1 roz\u017eiari detsk\u00fa fant\u00e1ziu!<br \/>\n<span data-testid=\"emoji\">\ud83d\udd2d<\/span> pozorovanie no\u010dnej oblohy<\/p>\n<p><span data-testid=\"emoji\">\ud83d\udd54<\/span> Za\u010d\u00edname u\u017e o 17:00, aby si aj na\u0161i najmen\u0161\u00ed n\u00e1v\u0161tevn\u00edci stihli u\u017ei\u0165 v\u0161etko do poslednej iskri\u010dky ve\u010dera.<br \/>\n<span data-testid=\"emoji\">\ud83c\udf96<\/span> Ka\u017ed\u00fd mal\u00fd n\u00e1v\u0161tevn\u00edk si odnesie &#8220;dekr\u00e9t&#8221; stato\u010dn\u00e9ho rytiera alebo odv\u00e1\u017enej princeznej!<\/p>\n<p><span data-testid=\"emoji\">\ud83c\udf19<\/span>Pr\u00ed\u010fte si u\u017ei\u0165 v\u00fdnimo\u010dn\u00fd ve\u010der pln\u00fd z\u00e1\u017eitkov, hier a rozpr\u00e1vok pod hviezdami.<br \/>\n<span data-testid=\"emoji\">\ud83c\udff0<\/span>Hrad \u0160ari\u0161 \u010dak\u00e1 pr\u00e1ve na v\u00e1s, mal\u00fdch objavite\u013eov!<br \/>\nTe\u0161\u00edme sa na V\u00e1s!<\/p>\n","protected":false},"excerpt":{"rendered":"<p>\ud83c\udf1f Poz\u00fdvame v\u0161etky deti objavi\u0165 \u010daro hradu \u0160ari\u0161! \ud83c\udf1f V sobotu 26. j\u00fala od 17:00 hod. v\u00e1s \u010dak\u00e1 jedine\u010dn\u00e9 ve\u010dern\u00e9 sprev\u00e1dzanie pre deti, kde o\u017eije hist\u00f3ria aj fant\u00e1zia! Te\u0161i\u0165 sa<\/p>\n","protected":false},"author":7,"featured_media":0,"comment_status":"open","ping_status":"closed","template":"","meta":{"inline_featured_image":false,"_monsterinsights_skip_tracking":false,"_monsterinsights_sitenote_active":false,"_monsterinsights_sitenote_note":"","_monsterinsights_sitenote_category":0,"_tribe_events_status":"","_tribe_events_status_reason":""},"tags":[25,24],"tribe_events_cat":[12],"yoast_head":"<!-- This site is optimized with the Yoast SEO plugin v22.6 - https:\/\/yoast.com\/wordpress\/plugins\/seo\/ -->\n<title>Jedine\u010dn\u00e9 ve\u010dern\u00e9 sprev\u00e1dzanie pre deti na hrade \u0160ari\u0161!<\/title>\n<meta name=\"description\" content=\"\ud83c\udf1f Poz\u00fdvame v\u0161etky deti objavi\u0165 \u010daro hradu \u0160ari\u0161! \ud83c\udf1f V sobotu 26. j\u00fala od 17:00 hod. v\u00e1s \u010dak\u00e1 jedine\u010dn\u00e9 ve\u010dern\u00e9 sprev\u00e1dzanie pre deti, kde o\u017eije hist\u00f3ria aj fant\u00e1zia! Te\u0161i\u0165 sa m\u00f4\u017eete na pestr\u00fd program, ktor\u00fd sme si pre v\u00e1s pripravili: \ud83d\udc51 \u010co v\u00e1s \u010dak\u00e1? \ud83c\udfad rozpr\u00e1vkov\u00e9 predstavenie \u201ePrincezn\u00e1 Zlomilka\u201c v podan\u00ed Divadlo Aurora \ud83d\udc34 jazdy&hellip;\" \/>\n<meta name=\"robots\" content=\"index, follow, max-snippet:-1, max-image-preview:large, max-video-preview:-1\" \/>\n<link rel=\"canonical\" href=\"https:\/\/www.hradsaris.sk\/%tribe_events-slug%\/jedinecne-vecerne-sprevadzanie-pre-deti-na-hrade-saris\/\" \/>\n<meta property=\"og:locale\" content=\"en_GB\" \/>\n<meta property=\"og:type\" content=\"article\" \/>\n<meta property=\"og:title\" content=\"Jedine\u010dn\u00e9 ve\u010dern\u00e9 sprev\u00e1dzanie pre deti na hrade \u0160ari\u0161!\" \/>\n<meta property=\"og:description\" content=\"\ud83c\udf1f Poz\u00fdvame v\u0161etky deti objavi\u0165 \u010daro hradu \u0160ari\u0161! \ud83c\udf1f V sobotu 26. j\u00fala od 17:00 hod. v\u00e1s \u010dak\u00e1 jedine\u010dn\u00e9 ve\u010dern\u00e9 sprev\u00e1dzanie pre deti, kde o\u017eije hist\u00f3ria aj fant\u00e1zia! Te\u0161i\u0165 sa m\u00f4\u017eete na pestr\u00fd program, ktor\u00fd sme si pre v\u00e1s pripravili: \ud83d\udc51 \u010co v\u00e1s \u010dak\u00e1? \ud83c\udfad rozpr\u00e1vkov\u00e9 predstavenie \u201ePrincezn\u00e1 Zlomilka\u201c v podan\u00ed Divadlo Aurora \ud83d\udc34 jazdy&hellip;\" \/>\n<meta property=\"og:url\" content=\"https:\/\/www.hradsaris.sk\/%tribe_events-slug%\/jedinecne-vecerne-sprevadzanie-pre-deti-na-hrade-saris\/\" \/>\n<meta property=\"og:site_name\" content=\"Hrad \u0160ari\u0161\" \/>\n<meta property=\"article:modified_time\" content=\"2025-07-23T07:55:21+00:00\" \/>\n<meta property=\"og:image\" content=\"https:\/\/www.hradsaris.sk\/wp-content\/uploads\/2025\/07\/vecerne-sprevadzanie_3.jpg\" \/>\n\t<meta property=\"og:image:width\" content=\"600\" \/>\n\t<meta property=\"og:image:height\" content=\"848\" \/>\n\t<meta property=\"og:image:type\" content=\"image\/jpeg\" \/>\n<meta name=\"twitter:card\" content=\"summary_large_image\" \/>\n<meta name=\"twitter:label1\" content=\"Estimated reading time\" \/>\n\t<meta name=\"twitter:data1\" content=\"1 minute\" \/>\n<script type=\"application\/ld+json\" class=\"yoast-schema-graph\">{\"@context\":\"https:\/\/schema.org\",\"@graph\":[{\"@type\":\"WebPage\",\"@id\":\"https:\/\/www.hradsaris.sk\/%tribe_events-slug%\/jedinecne-vecerne-sprevadzanie-pre-deti-na-hrade-saris\/\",\"url\":\"https:\/\/www.hradsaris.sk\/%tribe_events-slug%\/jedinecne-vecerne-sprevadzanie-pre-deti-na-hrade-saris\/\",\"name\":\"Jedine\u010dn\u00e9 ve\u010dern\u00e9 sprev\u00e1dzanie pre deti na hrade \u0160ari\u0161! - Hrad \u0160ari\u0161\",\"isPartOf\":{\"@id\":\"https:\/\/www.hradsaris.sk\/#website\"},\"datePublished\":\"2025-07-23T07:47:23+00:00\",\"dateModified\":\"2025-07-23T07:55:21+00:00\",\"breadcrumb\":{\"@id\":\"https:\/\/www.hradsaris.sk\/%tribe_events-slug%\/jedinecne-vecerne-sprevadzanie-pre-deti-na-hrade-saris\/#breadcrumb\"},\"inLanguage\":\"en-GB\",\"potentialAction\":[{\"@type\":\"ReadAction\",\"target\":[\"https:\/\/www.hradsaris.sk\/%tribe_events-slug%\/jedinecne-vecerne-sprevadzanie-pre-deti-na-hrade-saris\/\"]}]},{\"@type\":\"BreadcrumbList\",\"@id\":\"https:\/\/www.hradsaris.sk\/%tribe_events-slug%\/jedinecne-vecerne-sprevadzanie-pre-deti-na-hrade-saris\/#breadcrumb\",\"itemListElement\":[{\"@type\":\"ListItem\",\"position\":1,\"name\":\"Home\",\"item\":\"https:\/\/www.hradsaris.sk\/\"},{\"@type\":\"ListItem\",\"position\":2,\"name\":\"Udalosti\",\"item\":\"https:\/\/www.hradsaris.sk\/tribe_events\/\"},{\"@type\":\"ListItem\",\"position\":3,\"name\":\"Jedine\u010dn\u00e9 ve\u010dern\u00e9 sprev\u00e1dzanie pre deti na hrade \u0160ari\u0161!\"}]},{\"@type\":\"WebSite\",\"@id\":\"https:\/\/www.hradsaris.sk\/#website\",\"url\":\"https:\/\/www.hradsaris.sk\/\",\"name\":\"Hrad \u0160ari\u0161\",\"description\":\"Historick\u00e9 srdce \u0160ari\u0161a\",\"potentialAction\":[{\"@type\":\"SearchAction\",\"target\":{\"@type\":\"EntryPoint\",\"urlTemplate\":\"https:\/\/www.hradsaris.sk\/?s={search_term_string}\"},\"query-input\":\"required name=search_term_string\"}],\"inLanguage\":\"en-GB\"}]}<\/script>\n<!-- \/ Yoast SEO plugin. -->","yoast_head_json":{"title":"Jedine\u010dn\u00e9 ve\u010dern\u00e9 sprev\u00e1dzanie pre deti na hrade \u0160ari\u0161!","description":"\ud83c\udf1f Poz\u00fdvame v\u0161etky deti objavi\u0165 \u010daro hradu \u0160ari\u0161! \ud83c\udf1f V sobotu 26. j\u00fala od 17:00 hod. v\u00e1s \u010dak\u00e1 jedine\u010dn\u00e9 ve\u010dern\u00e9 sprev\u00e1dzanie pre deti, kde o\u017eije hist\u00f3ria aj fant\u00e1zia! Te\u0161i\u0165 sa m\u00f4\u017eete na pestr\u00fd program, ktor\u00fd sme si pre v\u00e1s pripravili: \ud83d\udc51 \u010co v\u00e1s \u010dak\u00e1? \ud83c\udfad rozpr\u00e1vkov\u00e9 predstavenie \u201ePrincezn\u00e1 Zlomilka\u201c v podan\u00ed Divadlo Aurora \ud83d\udc34 jazdy&hellip;","robots":{"index":"index","follow":"follow","max-snippet":"max-snippet:-1","max-image-preview":"max-image-preview:large","max-video-preview":"max-video-preview:-1"},"canonical":"https:\/\/www.hradsaris.sk\/%tribe_events-slug%\/jedinecne-vecerne-sprevadzanie-pre-deti-na-hrade-saris\/","og_locale":"en_GB","og_type":"article","og_title":"Jedine\u010dn\u00e9 ve\u010dern\u00e9 sprev\u00e1dzanie pre deti na hrade \u0160ari\u0161!","og_description":"\ud83c\udf1f Poz\u00fdvame v\u0161etky deti objavi\u0165 \u010daro hradu \u0160ari\u0161! \ud83c\udf1f V sobotu 26. j\u00fala od 17:00 hod. v\u00e1s \u010dak\u00e1 jedine\u010dn\u00e9 ve\u010dern\u00e9 sprev\u00e1dzanie pre deti, kde o\u017eije hist\u00f3ria aj fant\u00e1zia! Te\u0161i\u0165 sa m\u00f4\u017eete na pestr\u00fd program, ktor\u00fd sme si pre v\u00e1s pripravili: \ud83d\udc51 \u010co v\u00e1s \u010dak\u00e1? \ud83c\udfad rozpr\u00e1vkov\u00e9 predstavenie \u201ePrincezn\u00e1 Zlomilka\u201c v podan\u00ed Divadlo Aurora \ud83d\udc34 jazdy&hellip;","og_url":"https:\/\/www.hradsaris.sk\/%tribe_events-slug%\/jedinecne-vecerne-sprevadzanie-pre-deti-na-hrade-saris\/","og_site_name":"Hrad \u0160ari\u0161","article_modified_time":"2025-07-23T07:55:21+00:00","og_image":[{"width":600,"height":848,"url":"https:\/\/www.hradsaris.sk\/wp-content\/uploads\/2025\/07\/vecerne-sprevadzanie_3.jpg","type":"image\/jpeg"}],"twitter_card":"summary_large_image","twitter_misc":{"Estimated reading time":"1 minute"},"schema":{"@context":"https:\/\/schema.org","@graph":[{"@type":"WebPage","@id":"https:\/\/www.hradsaris.sk\/%tribe_events-slug%\/jedinecne-vecerne-sprevadzanie-pre-deti-na-hrade-saris\/","url":"https:\/\/www.hradsaris.sk\/%tribe_events-slug%\/jedinecne-vecerne-sprevadzanie-pre-deti-na-hrade-saris\/","name":"Jedine\u010dn\u00e9 ve\u010dern\u00e9 sprev\u00e1dzanie pre deti na hrade \u0160ari\u0161! - Hrad \u0160ari\u0161","isPartOf":{"@id":"https:\/\/www.hradsaris.sk\/#website"},"datePublished":"2025-07-23T07:47:23+00:00","dateModified":"2025-07-23T07:55:21+00:00","breadcrumb":{"@id":"https:\/\/www.hradsaris.sk\/%tribe_events-slug%\/jedinecne-vecerne-sprevadzanie-pre-deti-na-hrade-saris\/#breadcrumb"},"inLanguage":"en-GB","potentialAction":[{"@type":"ReadAction","target":["https:\/\/www.hradsaris.sk\/%tribe_events-slug%\/jedinecne-vecerne-sprevadzanie-pre-deti-na-hrade-saris\/"]}]},{"@type":"BreadcrumbList","@id":"https:\/\/www.hradsaris.sk\/%tribe_events-slug%\/jedinecne-vecerne-sprevadzanie-pre-deti-na-hrade-saris\/#breadcrumb","itemListElement":[{"@type":"ListItem","position":1,"name":"Home","item":"https:\/\/www.hradsaris.sk\/"},{"@type":"ListItem","position":2,"name":"Udalosti","item":"https:\/\/www.hradsaris.sk\/tribe_events\/"},{"@type":"ListItem","position":3,"name":"Jedine\u010dn\u00e9 ve\u010dern\u00e9 sprev\u00e1dzanie pre deti na hrade \u0160ari\u0161!"}]},{"@type":"WebSite","@id":"https:\/\/www.hradsaris.sk\/#website","url":"https:\/\/www.hradsaris.sk\/","name":"Hrad \u0160ari\u0161","description":"Historick\u00e9 srdce \u0160ari\u0161a","potentialAction":[{"@type":"SearchAction","target":{"@type":"EntryPoint","urlTemplate":"https:\/\/www.hradsaris.sk\/?s={search_term_string}"},"query-input":"required name=search_term_string"}],"inLanguage":"en-GB"}]}},"_links":{"self":[{"href":"https:\/\/www.hradsaris.sk\/wp-json\/wp\/v2\/tribe_events\/33626"}],"collection":[{"href":"https:\/\/www.hradsaris.sk\/wp-json\/wp\/v2\/tribe_events"}],"about":[{"href":"https:\/\/www.hradsaris.sk\/wp-json\/wp\/v2\/types\/tribe_events"}],"author":[{"embeddable":true,"href":"https:\/\/www.hradsaris.sk\/wp-json\/wp\/v2\/users\/7"}],"replies":[{"embeddable":true,"href":"https:\/\/www.hradsaris.sk\/wp-json\/wp\/v2\/comments?post=33626"}],"version-history":[{"count":6,"href":"https:\/\/www.hradsaris.sk\/wp-json\/wp\/v2\/tribe_events\/33626\/revisions"}],"predecessor-version":[{"id":33633,"href":"https:\/\/www.hradsaris.sk\/wp-json\/wp\/v2\/tribe_events\/33626\/revisions\/33633"}],"wp:attachment":[{"href":"https:\/\/www.hradsaris.sk\/wp-json\/wp\/v2\/media?parent=33626"}],"wp:term":[{"taxonomy":"post_tag","embeddable":true,"href":"https:\/\/www.hradsaris.sk\/wp-json\/wp\/v2\/tags?post=33626"},{"taxonomy":"tribe_events_cat","embeddable":true,"href":"https:\/\/www.hradsaris.sk\/wp-json\/wp\/v2\/tribe_events_cat?post=33626"}],"curies":[{"name":"wp","href":"https:\/\/api.w.org\/{rel}","templated":true}]}}