{"id":33612,"date":"2025-07-03T09:09:50","date_gmt":"2025-07-03T09:09:50","guid":{"rendered":"https:\/\/www.hradsaris.sk\/tribe_events\/\/"},"modified":"2025-07-04T08:39:24","modified_gmt":"2025-07-04T08:39:24","slug":"%f0%9f%8c%9e-leto-na-hrade-saris-%f0%9f%8c%9e","status":"publish","type":"tribe_events","link":"https:\/\/www.hradsaris.sk\/%tribe_events-slug%\/%f0%9f%8c%9e-leto-na-hrade-saris-%f0%9f%8c%9e\/","title":{"rendered":"\ud83c\udf1e LETO NA HRADE \u0160ARI\u0160 \ud83c\udf1e"},"content":{"rendered":"<p data-start=\"96\" data-end=\"441\">\ud83c\udf1e <strong data-start=\"99\" data-end=\"122\">LETO NA HRADE \u0160ARI\u0160<\/strong> \ud83c\udf1e<br data-start=\"125\" data-end=\"128\" \/>\ud83c\udfaf Pr\u00e1zdniny pln\u00e9 z\u00e1\u017eitkov, objavovania a z\u00e1bavy s\u00fa tu!<br data-start=\"183\" data-end=\"186\" \/>Pripravili sme pre v\u00e1s bohat\u00fd <strong data-start=\"216\" data-end=\"254\">program letn\u00fdch aktiv\u00edt a podujat\u00ed<\/strong>, ktor\u00e9 roz\u017eiaria ka\u017ed\u00fd letn\u00fd t\u00fd\u017ede\u0148. \u010ci u\u017e m\u00e1te radi hradn\u00e9 hry, jazdu na kon\u00edkovi, tradi\u010dn\u00e9 remesl\u00e1 alebo nezabudnute\u013en\u00e9 ve\u010dern\u00e9 prehliadky \u2013 <strong data-start=\"398\" data-end=\"441\">na Hrade \u0160ari\u0161 si ka\u017ed\u00fd n\u00e1jde to svoje.<\/strong><\/p>\n<p data-start=\"443\" data-end=\"665\">\ud83d\udcc5 <strong data-start=\"446\" data-end=\"464\">Vybran\u00e9 d\u00e1tumy<\/strong>:<br \/>\n\u2013 h\u013eadanie pokladov, pe\u010denie pos\u00fachov, lukostre\u013eba, jazda na kon\u00edku<br data-start=\"533\" data-end=\"536\" \/>\u2013 \u0161peci\u00e1lne ve\u010dern\u00e9 podujatia: <em data-start=\"567\" data-end=\"595\">objavovanie hradu pre deti<\/em>, <em data-start=\"597\" data-end=\"637\">pozorovanie no\u010dnej oblohy s astron\u00f3mom<\/em>, \u010di <em data-start=\"642\" data-end=\"665\">Noc hradn\u00fdch zr\u00facan\u00edn<\/em><\/p>\n<p data-start=\"667\" data-end=\"830\">\ud83d\udc1d Ch\u00fdba\u0165 nebude ani <strong data-start=\"688\" data-end=\"707\">v\u010delia alch\u00fdmia<\/strong> a v\u00f4\u0148a \u010derstv\u00fdch pos\u00fachov!<br data-start=\"734\" data-end=\"737\" \/>\ud83c\udf92 A nezabudnite, \u017ee sme aj tento rok s\u00fa\u010das\u0165ou kampane <strong data-start=\"792\" data-end=\"829\">LEGENDARIUM \u2013 Exped\u00edcia Leto 2025<\/strong>!<\/p>\n<p data-start=\"832\" data-end=\"1002\">\ud83d\udccd Sledujte n\u00e1\u0161 Facebook <strong data-start=\"857\" data-end=\"871\">Hrad \u0160ari\u0161<\/strong>, kde n\u00e1jdete aktu\u00e1lne inform\u00e1cie o programe a pr\u00edpadn\u00fdch zmen\u00e1ch.<br data-start=\"937\" data-end=\"940\" \/>\ud83d\udcf8 A hlavne \u2013 <strong data-start=\"954\" data-end=\"1002\">nav\u0161t\u00edvte n\u00e1s a za\u017eite leto inak \u2013 na hrade!<\/strong><\/p>\n<p data-start=\"1004\" data-end=\"1074\">\ud83d\udce9 Viac info: <a class=\"cursor-pointer\" rel=\"noopener\" data-start=\"1018\" data-end=\"1041\">hradsaris@velkysaris.sk<\/a><br data-start=\"1041\" data-end=\"1044\" \/>\ud83d\udcde 0919 062 090 | 0919 166 746<\/p>\n<p data-start=\"1076\" data-end=\"1139\">\ud83d\udee1\ufe0f <em data-start=\"1080\" data-end=\"1139\">Zmena programu vyhraden\u00e1 v pr\u00edpade nepriazniv\u00e9ho po\u010dasia.<\/em><\/p>\n","protected":false},"excerpt":{"rendered":"<p>\ud83c\udf1e LETO NA HRADE \u0160ARI\u0160 \ud83c\udf1e\ud83c\udfaf Pr\u00e1zdniny pln\u00e9 z\u00e1\u017eitkov, objavovania a z\u00e1bavy s\u00fa tu!Pripravili sme pre v\u00e1s bohat\u00fd program letn\u00fdch aktiv\u00edt a podujat\u00ed, ktor\u00e9 roz\u017eiaria ka\u017ed\u00fd letn\u00fd t\u00fd\u017ede\u0148. \u010ci u\u017e<\/p>\n","protected":false},"author":7,"featured_media":33620,"comment_status":"open","ping_status":"closed","template":"","meta":{"inline_featured_image":false,"_monsterinsights_skip_tracking":false,"_monsterinsights_sitenote_active":false,"_monsterinsights_sitenote_note":"","_monsterinsights_sitenote_category":0,"_tribe_events_status":"","_tribe_events_status_reason":""},"tags":[],"tribe_events_cat":[12],"yoast_head":"<!-- This site is optimized with the Yoast SEO plugin v22.6 - https:\/\/yoast.com\/wordpress\/plugins\/seo\/ -->\n<title>\ud83c\udf1e LETO NA HRADE \u0160ARI\u0160 \ud83c\udf1e<\/title>\n<meta name=\"description\" content=\"\ud83c\udf1e LETO NA HRADE \u0160ARI\u0160 \ud83c\udf1e\ud83c\udfaf Pr\u00e1zdniny pln\u00e9 z\u00e1\u017eitkov, objavovania a z\u00e1bavy s\u00fa tu!Pripravili sme pre v\u00e1s bohat\u00fd program letn\u00fdch aktiv\u00edt a podujat\u00ed, ktor\u00e9 roz\u017eiaria ka\u017ed\u00fd letn\u00fd t\u00fd\u017ede\u0148. \u010ci u\u017e m\u00e1te radi hradn\u00e9 hry, jazdu na kon\u00edkovi, tradi\u010dn\u00e9 remesl\u00e1 alebo nezabudnute\u013en\u00e9 ve\u010dern\u00e9 prehliadky \u2013 na Hrade \u0160ari\u0161 si ka\u017ed\u00fd n\u00e1jde to svoje. \ud83d\udcc5 Vybran\u00e9 d\u00e1tumy:&hellip;\" \/>\n<meta name=\"robots\" content=\"index, follow, max-snippet:-1, max-image-preview:large, max-video-preview:-1\" \/>\n<link rel=\"canonical\" href=\"https:\/\/www.hradsaris.sk\/%tribe_events-slug%\/\ud83c\udf1e-leto-na-hrade-saris-\ud83c\udf1e\/\" \/>\n<meta property=\"og:locale\" content=\"en_GB\" \/>\n<meta property=\"og:type\" content=\"article\" \/>\n<meta property=\"og:title\" content=\"\ud83c\udf1e LETO NA HRADE \u0160ARI\u0160 \ud83c\udf1e\" \/>\n<meta property=\"og:description\" content=\"\ud83c\udf1e LETO NA HRADE \u0160ARI\u0160 \ud83c\udf1e\ud83c\udfaf Pr\u00e1zdniny pln\u00e9 z\u00e1\u017eitkov, objavovania a z\u00e1bavy s\u00fa tu!Pripravili sme pre v\u00e1s bohat\u00fd program letn\u00fdch aktiv\u00edt a podujat\u00ed, ktor\u00e9 roz\u017eiaria ka\u017ed\u00fd letn\u00fd t\u00fd\u017ede\u0148. \u010ci u\u017e m\u00e1te radi hradn\u00e9 hry, jazdu na kon\u00edkovi, tradi\u010dn\u00e9 remesl\u00e1 alebo nezabudnute\u013en\u00e9 ve\u010dern\u00e9 prehliadky \u2013 na Hrade \u0160ari\u0161 si ka\u017ed\u00fd n\u00e1jde to svoje. \ud83d\udcc5 Vybran\u00e9 d\u00e1tumy:&hellip;\" \/>\n<meta property=\"og:url\" content=\"https:\/\/www.hradsaris.sk\/%tribe_events-slug%\/\ud83c\udf1e-leto-na-hrade-saris-\ud83c\udf1e\/\" \/>\n<meta property=\"og:site_name\" content=\"Hrad \u0160ari\u0161\" \/>\n<meta property=\"article:modified_time\" content=\"2025-07-04T08:39:24+00:00\" \/>\n<meta property=\"og:image\" content=\"https:\/\/www.hradsaris.sk\/wp-content\/uploads\/2025\/07\/Leto-na-hrade-Saris.jpg\" \/>\n\t<meta property=\"og:image:width\" content=\"1414\" \/>\n\t<meta property=\"og:image:height\" content=\"2000\" \/>\n\t<meta property=\"og:image:type\" content=\"image\/jpeg\" \/>\n<meta name=\"twitter:card\" content=\"summary_large_image\" \/>\n<meta name=\"twitter:label1\" content=\"Estimated reading time\" \/>\n\t<meta name=\"twitter:data1\" content=\"2 minutes\" \/>\n<script type=\"application\/ld+json\" class=\"yoast-schema-graph\">{\"@context\":\"https:\/\/schema.org\",\"@graph\":[{\"@type\":\"WebPage\",\"@id\":\"https:\/\/www.hradsaris.sk\/%tribe_events-slug%\/%f0%9f%8c%9e-leto-na-hrade-saris-%f0%9f%8c%9e\/\",\"url\":\"https:\/\/www.hradsaris.sk\/%tribe_events-slug%\/%f0%9f%8c%9e-leto-na-hrade-saris-%f0%9f%8c%9e\/\",\"name\":\"\ud83c\udf1e LETO NA HRADE \u0160ARI\u0160 \ud83c\udf1e - Hrad \u0160ari\u0161\",\"isPartOf\":{\"@id\":\"https:\/\/www.hradsaris.sk\/#website\"},\"primaryImageOfPage\":{\"@id\":\"https:\/\/www.hradsaris.sk\/%tribe_events-slug%\/%f0%9f%8c%9e-leto-na-hrade-saris-%f0%9f%8c%9e\/#primaryimage\"},\"image\":{\"@id\":\"https:\/\/www.hradsaris.sk\/%tribe_events-slug%\/%f0%9f%8c%9e-leto-na-hrade-saris-%f0%9f%8c%9e\/#primaryimage\"},\"thumbnailUrl\":\"https:\/\/www.hradsaris.sk\/wp-content\/uploads\/2025\/07\/Leto-na-hrade-Saris.jpg\",\"datePublished\":\"2025-07-03T09:09:50+00:00\",\"dateModified\":\"2025-07-04T08:39:24+00:00\",\"breadcrumb\":{\"@id\":\"https:\/\/www.hradsaris.sk\/%tribe_events-slug%\/%f0%9f%8c%9e-leto-na-hrade-saris-%f0%9f%8c%9e\/#breadcrumb\"},\"inLanguage\":\"en-GB\",\"potentialAction\":[{\"@type\":\"ReadAction\",\"target\":[\"https:\/\/www.hradsaris.sk\/%tribe_events-slug%\/%f0%9f%8c%9e-leto-na-hrade-saris-%f0%9f%8c%9e\/\"]}]},{\"@type\":\"ImageObject\",\"inLanguage\":\"en-GB\",\"@id\":\"https:\/\/www.hradsaris.sk\/%tribe_events-slug%\/%f0%9f%8c%9e-leto-na-hrade-saris-%f0%9f%8c%9e\/#primaryimage\",\"url\":\"https:\/\/www.hradsaris.sk\/wp-content\/uploads\/2025\/07\/Leto-na-hrade-Saris.jpg\",\"contentUrl\":\"https:\/\/www.hradsaris.sk\/wp-content\/uploads\/2025\/07\/Leto-na-hrade-Saris.jpg\",\"width\":1414,\"height\":2000,\"caption\":\"Leto na hrade \u0160ari\u0161\"},{\"@type\":\"BreadcrumbList\",\"@id\":\"https:\/\/www.hradsaris.sk\/%tribe_events-slug%\/%f0%9f%8c%9e-leto-na-hrade-saris-%f0%9f%8c%9e\/#breadcrumb\",\"itemListElement\":[{\"@type\":\"ListItem\",\"position\":1,\"name\":\"Home\",\"item\":\"https:\/\/www.hradsaris.sk\/\"},{\"@type\":\"ListItem\",\"position\":2,\"name\":\"Udalosti\",\"item\":\"https:\/\/www.hradsaris.sk\/tribe_events\/\"},{\"@type\":\"ListItem\",\"position\":3,\"name\":\"\ud83c\udf1e LETO NA HRADE \u0160ARI\u0160 \ud83c\udf1e\"}]},{\"@type\":\"WebSite\",\"@id\":\"https:\/\/www.hradsaris.sk\/#website\",\"url\":\"https:\/\/www.hradsaris.sk\/\",\"name\":\"Hrad \u0160ari\u0161\",\"description\":\"Historick\u00e9 srdce \u0160ari\u0161a\",\"potentialAction\":[{\"@type\":\"SearchAction\",\"target\":{\"@type\":\"EntryPoint\",\"urlTemplate\":\"https:\/\/www.hradsaris.sk\/?s={search_term_string}\"},\"query-input\":\"required name=search_term_string\"}],\"inLanguage\":\"en-GB\"}]}<\/script>\n<!-- \/ Yoast SEO plugin. -->","yoast_head_json":{"title":"\ud83c\udf1e LETO NA HRADE \u0160ARI\u0160 \ud83c\udf1e","description":"\ud83c\udf1e LETO NA HRADE \u0160ARI\u0160 \ud83c\udf1e\ud83c\udfaf Pr\u00e1zdniny pln\u00e9 z\u00e1\u017eitkov, objavovania a z\u00e1bavy s\u00fa tu!Pripravili sme pre v\u00e1s bohat\u00fd program letn\u00fdch aktiv\u00edt a podujat\u00ed, ktor\u00e9 roz\u017eiaria ka\u017ed\u00fd letn\u00fd t\u00fd\u017ede\u0148. \u010ci u\u017e m\u00e1te radi hradn\u00e9 hry, jazdu na kon\u00edkovi, tradi\u010dn\u00e9 remesl\u00e1 alebo nezabudnute\u013en\u00e9 ve\u010dern\u00e9 prehliadky \u2013 na Hrade \u0160ari\u0161 si ka\u017ed\u00fd n\u00e1jde to svoje. \ud83d\udcc5 Vybran\u00e9 d\u00e1tumy:&hellip;","robots":{"index":"index","follow":"follow","max-snippet":"max-snippet:-1","max-image-preview":"max-image-preview:large","max-video-preview":"max-video-preview:-1"},"canonical":"https:\/\/www.hradsaris.sk\/%tribe_events-slug%\/\ud83c\udf1e-leto-na-hrade-saris-\ud83c\udf1e\/","og_locale":"en_GB","og_type":"article","og_title":"\ud83c\udf1e LETO NA HRADE \u0160ARI\u0160 \ud83c\udf1e","og_description":"\ud83c\udf1e LETO NA HRADE \u0160ARI\u0160 \ud83c\udf1e\ud83c\udfaf Pr\u00e1zdniny pln\u00e9 z\u00e1\u017eitkov, objavovania a z\u00e1bavy s\u00fa tu!Pripravili sme pre v\u00e1s bohat\u00fd program letn\u00fdch aktiv\u00edt a podujat\u00ed, ktor\u00e9 roz\u017eiaria ka\u017ed\u00fd letn\u00fd t\u00fd\u017ede\u0148. \u010ci u\u017e m\u00e1te radi hradn\u00e9 hry, jazdu na kon\u00edkovi, tradi\u010dn\u00e9 remesl\u00e1 alebo nezabudnute\u013en\u00e9 ve\u010dern\u00e9 prehliadky \u2013 na Hrade \u0160ari\u0161 si ka\u017ed\u00fd n\u00e1jde to svoje. \ud83d\udcc5 Vybran\u00e9 d\u00e1tumy:&hellip;","og_url":"https:\/\/www.hradsaris.sk\/%tribe_events-slug%\/\ud83c\udf1e-leto-na-hrade-saris-\ud83c\udf1e\/","og_site_name":"Hrad \u0160ari\u0161","article_modified_time":"2025-07-04T08:39:24+00:00","og_image":[{"width":1414,"height":2000,"url":"https:\/\/www.hradsaris.sk\/wp-content\/uploads\/2025\/07\/Leto-na-hrade-Saris.jpg","type":"image\/jpeg"}],"twitter_card":"summary_large_image","twitter_misc":{"Estimated reading time":"2 minutes"},"schema":{"@context":"https:\/\/schema.org","@graph":[{"@type":"WebPage","@id":"https:\/\/www.hradsaris.sk\/%tribe_events-slug%\/%f0%9f%8c%9e-leto-na-hrade-saris-%f0%9f%8c%9e\/","url":"https:\/\/www.hradsaris.sk\/%tribe_events-slug%\/%f0%9f%8c%9e-leto-na-hrade-saris-%f0%9f%8c%9e\/","name":"\ud83c\udf1e LETO NA HRADE \u0160ARI\u0160 \ud83c\udf1e - Hrad \u0160ari\u0161","isPartOf":{"@id":"https:\/\/www.hradsaris.sk\/#website"},"primaryImageOfPage":{"@id":"https:\/\/www.hradsaris.sk\/%tribe_events-slug%\/%f0%9f%8c%9e-leto-na-hrade-saris-%f0%9f%8c%9e\/#primaryimage"},"image":{"@id":"https:\/\/www.hradsaris.sk\/%tribe_events-slug%\/%f0%9f%8c%9e-leto-na-hrade-saris-%f0%9f%8c%9e\/#primaryimage"},"thumbnailUrl":"https:\/\/www.hradsaris.sk\/wp-content\/uploads\/2025\/07\/Leto-na-hrade-Saris.jpg","datePublished":"2025-07-03T09:09:50+00:00","dateModified":"2025-07-04T08:39:24+00:00","breadcrumb":{"@id":"https:\/\/www.hradsaris.sk\/%tribe_events-slug%\/%f0%9f%8c%9e-leto-na-hrade-saris-%f0%9f%8c%9e\/#breadcrumb"},"inLanguage":"en-GB","potentialAction":[{"@type":"ReadAction","target":["https:\/\/www.hradsaris.sk\/%tribe_events-slug%\/%f0%9f%8c%9e-leto-na-hrade-saris-%f0%9f%8c%9e\/"]}]},{"@type":"ImageObject","inLanguage":"en-GB","@id":"https:\/\/www.hradsaris.sk\/%tribe_events-slug%\/%f0%9f%8c%9e-leto-na-hrade-saris-%f0%9f%8c%9e\/#primaryimage","url":"https:\/\/www.hradsaris.sk\/wp-content\/uploads\/2025\/07\/Leto-na-hrade-Saris.jpg","contentUrl":"https:\/\/www.hradsaris.sk\/wp-content\/uploads\/2025\/07\/Leto-na-hrade-Saris.jpg","width":1414,"height":2000,"caption":"Leto na hrade \u0160ari\u0161"},{"@type":"BreadcrumbList","@id":"https:\/\/www.hradsaris.sk\/%tribe_events-slug%\/%f0%9f%8c%9e-leto-na-hrade-saris-%f0%9f%8c%9e\/#breadcrumb","itemListElement":[{"@type":"ListItem","position":1,"name":"Home","item":"https:\/\/www.hradsaris.sk\/"},{"@type":"ListItem","position":2,"name":"Udalosti","item":"https:\/\/www.hradsaris.sk\/tribe_events\/"},{"@type":"ListItem","position":3,"name":"\ud83c\udf1e LETO NA HRADE \u0160ARI\u0160 \ud83c\udf1e"}]},{"@type":"WebSite","@id":"https:\/\/www.hradsaris.sk\/#website","url":"https:\/\/www.hradsaris.sk\/","name":"Hrad \u0160ari\u0161","description":"Historick\u00e9 srdce \u0160ari\u0161a","potentialAction":[{"@type":"SearchAction","target":{"@type":"EntryPoint","urlTemplate":"https:\/\/www.hradsaris.sk\/?s={search_term_string}"},"query-input":"required name=search_term_string"}],"inLanguage":"en-GB"}]}},"_links":{"self":[{"href":"https:\/\/www.hradsaris.sk\/wp-json\/wp\/v2\/tribe_events\/33612"}],"collection":[{"href":"https:\/\/www.hradsaris.sk\/wp-json\/wp\/v2\/tribe_events"}],"about":[{"href":"https:\/\/www.hradsaris.sk\/wp-json\/wp\/v2\/types\/tribe_events"}],"author":[{"embeddable":true,"href":"https:\/\/www.hradsaris.sk\/wp-json\/wp\/v2\/users\/7"}],"replies":[{"embeddable":true,"href":"https:\/\/www.hradsaris.sk\/wp-json\/wp\/v2\/comments?post=33612"}],"version-history":[{"count":2,"href":"https:\/\/www.hradsaris.sk\/wp-json\/wp\/v2\/tribe_events\/33612\/revisions"}],"predecessor-version":[{"id":33621,"href":"https:\/\/www.hradsaris.sk\/wp-json\/wp\/v2\/tribe_events\/33612\/revisions\/33621"}],"wp:featuredmedia":[{"embeddable":true,"href":"https:\/\/www.hradsaris.sk\/wp-json\/wp\/v2\/media\/33620"}],"wp:attachment":[{"href":"https:\/\/www.hradsaris.sk\/wp-json\/wp\/v2\/media?parent=33612"}],"wp:term":[{"taxonomy":"post_tag","embeddable":true,"href":"https:\/\/www.hradsaris.sk\/wp-json\/wp\/v2\/tags?post=33612"},{"taxonomy":"tribe_events_cat","embeddable":true,"href":"https:\/\/www.hradsaris.sk\/wp-json\/wp\/v2\/tribe_events_cat?post=33612"}],"curies":[{"name":"wp","href":"https:\/\/api.w.org\/{rel}","templated":true}]}}