{"id":33495,"date":"2025-02-13T13:30:32","date_gmt":"2025-02-13T13:30:32","guid":{"rendered":"https:\/\/www.hradsaris.sk\/tribe_events\/\/"},"modified":"2025-02-14T09:06:27","modified_gmt":"2025-02-14T09:06:27","slug":"jarne-prazdniny-na-hrade-saris","status":"publish","type":"tribe_events","link":"https:\/\/www.hradsaris.sk\/%tribe_events-slug%\/jarne-prazdniny-na-hrade-saris\/","title":{"rendered":"JARN\u00c9 PR\u00c1ZDNINY NA HRADE \u0160ARI\u0160"},"content":{"rendered":"<p><strong>\ud83c\udff0<\/strong><strong> \u00a0JARN\u00c9 PR\u00c1ZDNINY NA HRADE \u0160ARI\u0160\u00a0 \ud83c\udff0\u2013 Z\u00c1BAVA PRE CEL\u00da RODINU! <\/strong><strong>\ud83c\udf89<\/strong><\/p>\n<p>\ud83d\udcc5 <strong>16. \u2013 21. febru\u00e1r 2025<\/strong><br \/>\n\ud83d\udccd <strong>Hrad \u0160ari\u0161<\/strong><\/p>\n<p>U\u017eite si jarn\u00e9 pr\u00e1zdniny netradi\u010dne! Pripravili sme pre v\u00e1s t\u00fd\u017ede\u0148 pln\u00fd hist\u00f3rie, z\u00e1bavy a s\u00fa\u0165a\u017e\u00ed pre mal\u00fdch aj ve\u013ek\u00fdch. Ka\u017ed\u00fd de\u0148 v\u00e1s \u010dak\u00e1 mal\u00fd program stredovek\u00fdch trad\u00edci\u00ed, dobrodru\u017estva a kreativity.<\/p>\n<p><strong>PROGRAM<\/strong><\/p>\n<p>\u2764\ufe0f <strong>16.2. Valent\u00ednsky z\u00e1mok<\/strong> \u2013 Zape\u010da\u0165te svoju l\u00e1sku na <strong>Kladke l\u00e1sky<\/strong><br \/>\n\ud83d\udd0d <strong>Jedine\u010dn\u00e1 mo\u017enos\u0165 nav\u0161t\u00edvi\u0165 lapid\u00e1rium vo ve\u017ei Donjon<\/strong><br \/>\n\ud83d\udd0e <strong>17.2. H\u013eadanie pokladov<\/strong> \u2013 Dobrodru\u017en\u00e1 hra pre deti i dospel\u00fdch<br \/>\n\ud83c\udfa8 <strong>18.2. Hrad o\u010dami det\u00ed<\/strong> \u2013 S\u00fa\u0165a\u017e o <strong>najkraj\u0161iu kresbu Hradu \u0160ari\u0161<\/strong><br \/>\n\ud83d\udcdc <strong>Hradn\u00e1 po\u0161ta<\/strong> \u2013 Pe\u010datenie listov ako v d\u00e1vnych \u010dasoch<br \/>\n\ud83c\udff9 <strong>19.2. Stredovek\u00e1 s\u00fa\u0165a\u017e v lukostre\u013ebe<\/strong> \u2013 Otestujte svoju presnos\u0165!<br \/>\n\u2694\ufe0f <strong>20.2. Detsk\u00e9 stredovek\u00e9 hry<\/strong> \u2013 Pretl\u00e1\u010danie na dreve, preteky na dreven\u00fdch kon\u00edkoch, pre\u0165ahovanie lanom<br \/>\n\ud83d\udd25 <strong>21.2. Tradi\u010dn\u00e9 pe\u010denie pos\u00fachov<\/strong> \u2013 Ochutn\u00e1vka v hradnej piecke<br \/>\n\u2744\ufe0f <strong>Bonus: Ak napadne sneh \u2013 s\u00e1nkovanie!<\/strong><\/p>\n<p>\ud83c\udfdb <strong>Po\u010das cel\u00e9ho t\u00fd\u017ed\u0148a je otvoren\u00fd Archeopark v podhrad\u00ed!<\/strong><\/p>\n<p>\ud83c\udff0 Hradn\u00fd bufet je v zimnej sez\u00f3ne zatvoren\u00fd, ale pre n\u00e1v\u0161tevn\u00edkov ve\u013emi radi priprav\u00edme tepl\u00fd \u010daj a k\u00e1vu, aby ste si mohli spr\u00edjemni\u0165 pobyt.<\/p>\n<p>\ud83d\udd14 <strong>Za\u017eite nezabudnute\u013en\u00e9 jarn\u00e9 pr\u00e1zdniny na Hrade \u0160ari\u0161!<\/strong><\/p>\n<p><strong>Te\u0161\u00edme sa na va\u0161u n\u00e1v\u0161tevu! \u2615\u2744\ud83d\ude0a<\/strong><\/p>\n","protected":false},"excerpt":{"rendered":"<p>\ud83c\udff0 \u00a0JARN\u00c9 PR\u00c1ZDNINY NA HRADE \u0160ARI\u0160\u00a0 \ud83c\udff0\u2013 Z\u00c1BAVA PRE CEL\u00da RODINU! \ud83c\udf89 \ud83d\udcc5 16. \u2013 21. febru\u00e1r 2025 \ud83d\udccd Hrad \u0160ari\u0161 U\u017eite si jarn\u00e9 pr\u00e1zdniny netradi\u010dne! Pripravili sme pre v\u00e1s<\/p>\n","protected":false},"author":7,"featured_media":33500,"comment_status":"open","ping_status":"closed","template":"","meta":{"inline_featured_image":false,"_monsterinsights_skip_tracking":false,"_monsterinsights_sitenote_active":false,"_monsterinsights_sitenote_note":"","_monsterinsights_sitenote_category":0,"_tribe_events_status":"","_tribe_events_status_reason":""},"tags":[],"tribe_events_cat":[12],"yoast_head":"<!-- This site is optimized with the Yoast SEO plugin v22.6 - https:\/\/yoast.com\/wordpress\/plugins\/seo\/ -->\n<title>JARN\u00c9 PR\u00c1ZDNINY NA HRADE \u0160ARI\u0160<\/title>\n<meta name=\"description\" content=\"\ud83c\udff0 \u00a0JARN\u00c9 PR\u00c1ZDNINY NA HRADE \u0160ARI\u0160\u00a0 \ud83c\udff0\u2013 Z\u00c1BAVA PRE CEL\u00da RODINU! \ud83c\udf89 \ud83d\udcc5 16. \u2013 21. febru\u00e1r 2025 \ud83d\udccd Hrad \u0160ari\u0161 U\u017eite si jarn\u00e9 pr\u00e1zdniny netradi\u010dne! Pripravili sme pre v\u00e1s t\u00fd\u017ede\u0148 pln\u00fd hist\u00f3rie, z\u00e1bavy a s\u00fa\u0165a\u017e\u00ed pre mal\u00fdch aj ve\u013ek\u00fdch. Ka\u017ed\u00fd de\u0148 v\u00e1s \u010dak\u00e1 mal\u00fd program stredovek\u00fdch trad\u00edci\u00ed, dobrodru\u017estva a kreativity. PROGRAM \u2764\ufe0f 16.2. Valent\u00ednsky&hellip;\" \/>\n<meta name=\"robots\" content=\"index, follow, max-snippet:-1, max-image-preview:large, max-video-preview:-1\" \/>\n<link rel=\"canonical\" href=\"https:\/\/www.hradsaris.sk\/%tribe_events-slug%\/jarne-prazdniny-na-hrade-saris\/\" \/>\n<meta property=\"og:locale\" content=\"en_GB\" \/>\n<meta property=\"og:type\" content=\"article\" \/>\n<meta property=\"og:title\" content=\"JARN\u00c9 PR\u00c1ZDNINY NA HRADE \u0160ARI\u0160\" \/>\n<meta property=\"og:description\" content=\"\ud83c\udff0 \u00a0JARN\u00c9 PR\u00c1ZDNINY NA HRADE \u0160ARI\u0160\u00a0 \ud83c\udff0\u2013 Z\u00c1BAVA PRE CEL\u00da RODINU! \ud83c\udf89 \ud83d\udcc5 16. \u2013 21. febru\u00e1r 2025 \ud83d\udccd Hrad \u0160ari\u0161 U\u017eite si jarn\u00e9 pr\u00e1zdniny netradi\u010dne! Pripravili sme pre v\u00e1s t\u00fd\u017ede\u0148 pln\u00fd hist\u00f3rie, z\u00e1bavy a s\u00fa\u0165a\u017e\u00ed pre mal\u00fdch aj ve\u013ek\u00fdch. Ka\u017ed\u00fd de\u0148 v\u00e1s \u010dak\u00e1 mal\u00fd program stredovek\u00fdch trad\u00edci\u00ed, dobrodru\u017estva a kreativity. PROGRAM \u2764\ufe0f 16.2. Valent\u00ednsky&hellip;\" \/>\n<meta property=\"og:url\" content=\"https:\/\/www.hradsaris.sk\/%tribe_events-slug%\/jarne-prazdniny-na-hrade-saris\/\" \/>\n<meta property=\"og:site_name\" content=\"Hrad \u0160ari\u0161\" \/>\n<meta property=\"article:modified_time\" content=\"2025-02-14T09:06:27+00:00\" \/>\n<meta property=\"og:image\" content=\"https:\/\/www.hradsaris.sk\/wp-content\/uploads\/2025\/02\/Jarne-prazdniny-Hrad-Saris-1-1-e1739523913438.png\" \/>\n\t<meta property=\"og:image:width\" content=\"700\" \/>\n\t<meta property=\"og:image:height\" content=\"990\" \/>\n\t<meta property=\"og:image:type\" content=\"image\/png\" \/>\n<meta name=\"twitter:card\" content=\"summary_large_image\" \/>\n<meta name=\"twitter:label1\" content=\"Estimated reading time\" \/>\n\t<meta name=\"twitter:data1\" content=\"2 minutes\" \/>\n<script type=\"application\/ld+json\" class=\"yoast-schema-graph\">{\"@context\":\"https:\/\/schema.org\",\"@graph\":[{\"@type\":\"WebPage\",\"@id\":\"https:\/\/www.hradsaris.sk\/%tribe_events-slug%\/jarne-prazdniny-na-hrade-saris\/\",\"url\":\"https:\/\/www.hradsaris.sk\/%tribe_events-slug%\/jarne-prazdniny-na-hrade-saris\/\",\"name\":\"JARN\u00c9 PR\u00c1ZDNINY NA HRADE \u0160ARI\u0160 - Hrad \u0160ari\u0161\",\"isPartOf\":{\"@id\":\"https:\/\/www.hradsaris.sk\/#website\"},\"primaryImageOfPage\":{\"@id\":\"https:\/\/www.hradsaris.sk\/%tribe_events-slug%\/jarne-prazdniny-na-hrade-saris\/#primaryimage\"},\"image\":{\"@id\":\"https:\/\/www.hradsaris.sk\/%tribe_events-slug%\/jarne-prazdniny-na-hrade-saris\/#primaryimage\"},\"thumbnailUrl\":\"https:\/\/www.hradsaris.sk\/wp-content\/uploads\/2025\/02\/Jarne-prazdniny-Hrad-Saris-1-1-e1739523913438.png\",\"datePublished\":\"2025-02-13T13:30:32+00:00\",\"dateModified\":\"2025-02-14T09:06:27+00:00\",\"breadcrumb\":{\"@id\":\"https:\/\/www.hradsaris.sk\/%tribe_events-slug%\/jarne-prazdniny-na-hrade-saris\/#breadcrumb\"},\"inLanguage\":\"en-GB\",\"potentialAction\":[{\"@type\":\"ReadAction\",\"target\":[\"https:\/\/www.hradsaris.sk\/%tribe_events-slug%\/jarne-prazdniny-na-hrade-saris\/\"]}]},{\"@type\":\"ImageObject\",\"inLanguage\":\"en-GB\",\"@id\":\"https:\/\/www.hradsaris.sk\/%tribe_events-slug%\/jarne-prazdniny-na-hrade-saris\/#primaryimage\",\"url\":\"https:\/\/www.hradsaris.sk\/wp-content\/uploads\/2025\/02\/Jarne-prazdniny-Hrad-Saris-1-1-e1739523913438.png\",\"contentUrl\":\"https:\/\/www.hradsaris.sk\/wp-content\/uploads\/2025\/02\/Jarne-prazdniny-Hrad-Saris-1-1-e1739523913438.png\",\"width\":700,\"height\":990},{\"@type\":\"BreadcrumbList\",\"@id\":\"https:\/\/www.hradsaris.sk\/%tribe_events-slug%\/jarne-prazdniny-na-hrade-saris\/#breadcrumb\",\"itemListElement\":[{\"@type\":\"ListItem\",\"position\":1,\"name\":\"Home\",\"item\":\"https:\/\/www.hradsaris.sk\/\"},{\"@type\":\"ListItem\",\"position\":2,\"name\":\"Udalosti\",\"item\":\"https:\/\/www.hradsaris.sk\/tribe_events\/\"},{\"@type\":\"ListItem\",\"position\":3,\"name\":\"JARN\u00c9 PR\u00c1ZDNINY NA HRADE \u0160ARI\u0160\"}]},{\"@type\":\"WebSite\",\"@id\":\"https:\/\/www.hradsaris.sk\/#website\",\"url\":\"https:\/\/www.hradsaris.sk\/\",\"name\":\"Hrad \u0160ari\u0161\",\"description\":\"Historick\u00e9 srdce \u0160ari\u0161a\",\"potentialAction\":[{\"@type\":\"SearchAction\",\"target\":{\"@type\":\"EntryPoint\",\"urlTemplate\":\"https:\/\/www.hradsaris.sk\/?s={search_term_string}\"},\"query-input\":\"required name=search_term_string\"}],\"inLanguage\":\"en-GB\"}]}<\/script>\n<!-- \/ Yoast SEO plugin. -->","yoast_head_json":{"title":"JARN\u00c9 PR\u00c1ZDNINY NA HRADE \u0160ARI\u0160","description":"\ud83c\udff0 \u00a0JARN\u00c9 PR\u00c1ZDNINY NA HRADE \u0160ARI\u0160\u00a0 \ud83c\udff0\u2013 Z\u00c1BAVA PRE CEL\u00da RODINU! \ud83c\udf89 \ud83d\udcc5 16. \u2013 21. febru\u00e1r 2025 \ud83d\udccd Hrad \u0160ari\u0161 U\u017eite si jarn\u00e9 pr\u00e1zdniny netradi\u010dne! Pripravili sme pre v\u00e1s t\u00fd\u017ede\u0148 pln\u00fd hist\u00f3rie, z\u00e1bavy a s\u00fa\u0165a\u017e\u00ed pre mal\u00fdch aj ve\u013ek\u00fdch. Ka\u017ed\u00fd de\u0148 v\u00e1s \u010dak\u00e1 mal\u00fd program stredovek\u00fdch trad\u00edci\u00ed, dobrodru\u017estva a kreativity. PROGRAM \u2764\ufe0f 16.2. Valent\u00ednsky&hellip;","robots":{"index":"index","follow":"follow","max-snippet":"max-snippet:-1","max-image-preview":"max-image-preview:large","max-video-preview":"max-video-preview:-1"},"canonical":"https:\/\/www.hradsaris.sk\/%tribe_events-slug%\/jarne-prazdniny-na-hrade-saris\/","og_locale":"en_GB","og_type":"article","og_title":"JARN\u00c9 PR\u00c1ZDNINY NA HRADE \u0160ARI\u0160","og_description":"\ud83c\udff0 \u00a0JARN\u00c9 PR\u00c1ZDNINY NA HRADE \u0160ARI\u0160\u00a0 \ud83c\udff0\u2013 Z\u00c1BAVA PRE CEL\u00da RODINU! \ud83c\udf89 \ud83d\udcc5 16. \u2013 21. febru\u00e1r 2025 \ud83d\udccd Hrad \u0160ari\u0161 U\u017eite si jarn\u00e9 pr\u00e1zdniny netradi\u010dne! Pripravili sme pre v\u00e1s t\u00fd\u017ede\u0148 pln\u00fd hist\u00f3rie, z\u00e1bavy a s\u00fa\u0165a\u017e\u00ed pre mal\u00fdch aj ve\u013ek\u00fdch. Ka\u017ed\u00fd de\u0148 v\u00e1s \u010dak\u00e1 mal\u00fd program stredovek\u00fdch trad\u00edci\u00ed, dobrodru\u017estva a kreativity. PROGRAM \u2764\ufe0f 16.2. Valent\u00ednsky&hellip;","og_url":"https:\/\/www.hradsaris.sk\/%tribe_events-slug%\/jarne-prazdniny-na-hrade-saris\/","og_site_name":"Hrad \u0160ari\u0161","article_modified_time":"2025-02-14T09:06:27+00:00","og_image":[{"width":700,"height":990,"url":"https:\/\/www.hradsaris.sk\/wp-content\/uploads\/2025\/02\/Jarne-prazdniny-Hrad-Saris-1-1-e1739523913438.png","type":"image\/png"}],"twitter_card":"summary_large_image","twitter_misc":{"Estimated reading time":"2 minutes"},"schema":{"@context":"https:\/\/schema.org","@graph":[{"@type":"WebPage","@id":"https:\/\/www.hradsaris.sk\/%tribe_events-slug%\/jarne-prazdniny-na-hrade-saris\/","url":"https:\/\/www.hradsaris.sk\/%tribe_events-slug%\/jarne-prazdniny-na-hrade-saris\/","name":"JARN\u00c9 PR\u00c1ZDNINY NA HRADE \u0160ARI\u0160 - Hrad \u0160ari\u0161","isPartOf":{"@id":"https:\/\/www.hradsaris.sk\/#website"},"primaryImageOfPage":{"@id":"https:\/\/www.hradsaris.sk\/%tribe_events-slug%\/jarne-prazdniny-na-hrade-saris\/#primaryimage"},"image":{"@id":"https:\/\/www.hradsaris.sk\/%tribe_events-slug%\/jarne-prazdniny-na-hrade-saris\/#primaryimage"},"thumbnailUrl":"https:\/\/www.hradsaris.sk\/wp-content\/uploads\/2025\/02\/Jarne-prazdniny-Hrad-Saris-1-1-e1739523913438.png","datePublished":"2025-02-13T13:30:32+00:00","dateModified":"2025-02-14T09:06:27+00:00","breadcrumb":{"@id":"https:\/\/www.hradsaris.sk\/%tribe_events-slug%\/jarne-prazdniny-na-hrade-saris\/#breadcrumb"},"inLanguage":"en-GB","potentialAction":[{"@type":"ReadAction","target":["https:\/\/www.hradsaris.sk\/%tribe_events-slug%\/jarne-prazdniny-na-hrade-saris\/"]}]},{"@type":"ImageObject","inLanguage":"en-GB","@id":"https:\/\/www.hradsaris.sk\/%tribe_events-slug%\/jarne-prazdniny-na-hrade-saris\/#primaryimage","url":"https:\/\/www.hradsaris.sk\/wp-content\/uploads\/2025\/02\/Jarne-prazdniny-Hrad-Saris-1-1-e1739523913438.png","contentUrl":"https:\/\/www.hradsaris.sk\/wp-content\/uploads\/2025\/02\/Jarne-prazdniny-Hrad-Saris-1-1-e1739523913438.png","width":700,"height":990},{"@type":"BreadcrumbList","@id":"https:\/\/www.hradsaris.sk\/%tribe_events-slug%\/jarne-prazdniny-na-hrade-saris\/#breadcrumb","itemListElement":[{"@type":"ListItem","position":1,"name":"Home","item":"https:\/\/www.hradsaris.sk\/"},{"@type":"ListItem","position":2,"name":"Udalosti","item":"https:\/\/www.hradsaris.sk\/tribe_events\/"},{"@type":"ListItem","position":3,"name":"JARN\u00c9 PR\u00c1ZDNINY NA HRADE \u0160ARI\u0160"}]},{"@type":"WebSite","@id":"https:\/\/www.hradsaris.sk\/#website","url":"https:\/\/www.hradsaris.sk\/","name":"Hrad \u0160ari\u0161","description":"Historick\u00e9 srdce \u0160ari\u0161a","potentialAction":[{"@type":"SearchAction","target":{"@type":"EntryPoint","urlTemplate":"https:\/\/www.hradsaris.sk\/?s={search_term_string}"},"query-input":"required name=search_term_string"}],"inLanguage":"en-GB"}]}},"_links":{"self":[{"href":"https:\/\/www.hradsaris.sk\/wp-json\/wp\/v2\/tribe_events\/33495"}],"collection":[{"href":"https:\/\/www.hradsaris.sk\/wp-json\/wp\/v2\/tribe_events"}],"about":[{"href":"https:\/\/www.hradsaris.sk\/wp-json\/wp\/v2\/types\/tribe_events"}],"author":[{"embeddable":true,"href":"https:\/\/www.hradsaris.sk\/wp-json\/wp\/v2\/users\/7"}],"replies":[{"embeddable":true,"href":"https:\/\/www.hradsaris.sk\/wp-json\/wp\/v2\/comments?post=33495"}],"version-history":[{"count":3,"href":"https:\/\/www.hradsaris.sk\/wp-json\/wp\/v2\/tribe_events\/33495\/revisions"}],"predecessor-version":[{"id":33501,"href":"https:\/\/www.hradsaris.sk\/wp-json\/wp\/v2\/tribe_events\/33495\/revisions\/33501"}],"wp:featuredmedia":[{"embeddable":true,"href":"https:\/\/www.hradsaris.sk\/wp-json\/wp\/v2\/media\/33500"}],"wp:attachment":[{"href":"https:\/\/www.hradsaris.sk\/wp-json\/wp\/v2\/media?parent=33495"}],"wp:term":[{"taxonomy":"post_tag","embeddable":true,"href":"https:\/\/www.hradsaris.sk\/wp-json\/wp\/v2\/tags?post=33495"},{"taxonomy":"tribe_events_cat","embeddable":true,"href":"https:\/\/www.hradsaris.sk\/wp-json\/wp\/v2\/tribe_events_cat?post=33495"}],"curies":[{"name":"wp","href":"https:\/\/api.w.org\/{rel}","templated":true}]}}