{"id":33486,"date":"2024-12-20T09:23:11","date_gmt":"2024-12-20T09:23:11","guid":{"rendered":"https:\/\/www.hradsaris.sk\/tribe_events\/\/"},"modified":"2024-12-20T09:23:22","modified_gmt":"2024-12-20T09:23:22","slug":"zimny-nocny-pochod-na-hrad-saris","status":"publish","type":"tribe_events","link":"https:\/\/www.hradsaris.sk\/%tribe_events-slug%\/zimny-nocny-pochod-na-hrad-saris\/","title":{"rendered":"Zimn\u00fd no\u010dn\u00fd pochod na Hrad \u0160ari\u0161"},"content":{"rendered":"<p style=\"text-align: center;\"><strong>KST\u00a0 ZVL Pre\u0161ov\u00a0 a Mesto Ve\u013ek\u00fd \u0160ari\u0161\u00a0 \u00a0 \u00a0 \u00a0<\/strong><\/p>\n<h3 style=\"text-align: center;\">V\u00e1s poz\u00fdvaj\u00fa na 12. ro\u010dn\u00edk<\/h3>\n<p style=\"text-align: center;\"><strong>Zimn\u00e9ho no\u010dn\u00e9ho pochodu na <\/strong><\/p>\n<p style=\"text-align: center;\"><strong>HRAD \u0160ARI\u0160<\/strong><strong>\u00a0<\/strong><\/p>\n<p style=\"text-align: center;\"><strong>Term\u00edn:<\/strong> \u00a0\u00a0 <strong>\u00a0<\/strong><strong>11.1.2025<\/strong><strong>\u00a0 <\/strong>(sobota)<\/p>\n<h5 style=\"text-align: left;\"><strong>Trasa: <\/strong>\u00a0parkovisko pod hradom \u0160ari\u0161 \u2013 hrad \u0160ari\u0161 a sp\u00e4\u0165 \u00a0( trasa\u00a0 6 km)<\/h5>\n<p style=\"text-align: left;\"><strong>Zraz:<\/strong>\u00a0\u00a0\u00a0\u00a0\u00a0 na verejnom parkovisku pod hradom \u0160ari\u0161 o \u00a0<strong>22 <sup>30<\/sup><\/strong> <strong>hod<\/strong><\/p>\n<p style=\"text-align: left;\">Hrad bude pr\u00edstupn\u00fd vr\u00e1tane ve\u017ee Donjon, pri priazniv\u00fdch podmienkach \u010dak\u00e1 \u00fa\u010dastn\u00edkov jedine\u010dn\u00fd panoramatick\u00fd poh\u013ead na no\u010dn\u00e9 okolie rieky Torysy. O polnoci na ve\u017ei pr\u00edhovor.<\/p>\n<p style=\"text-align: left;\">Odpor\u00fa\u010dame : donies\u0165 zimn\u00fa v\u00fdstroj a \u010delovku alebo ru\u010dn\u00fa baterku.<\/p>\n<p style=\"text-align: left;\">Vstup na hradn\u00e9 n\u00e1dvorie\u00a0 1,- \u20ac<\/p>\n<p>Vstup na ve\u017eu Donjon 2,-\u20ac<\/p>\n<p>&nbsp;<\/p>\n<p style=\"text-align: left;\">No\u010dn\u00fd pochod sa kon\u00e1 ako spomienkov\u00e9 stretnutie\u00a0 v\u00fdro\u010dia smrti Imricha Jacko-Lys\u00e1ka, ktor\u00fd padol 30.12.1943 v boji pri oslobodzovan\u00ed dediny Ruda na Ukrajine od fa\u0161istick\u00fdch okupantov.<\/p>\n<p>Organiz\u00e1tor podujatia : <strong>KST\u00a0 ZVL Pre\u0161ov\u00a0<\/strong><\/p>\n<p><strong>Inform\u00e1cie:<\/strong>\u00a0 Franti\u0161ek Bedn\u00e1r \u00a0\u00a0\u00a0tel.:\u00a0 0907 105 086<\/p>\n","protected":false},"excerpt":{"rendered":"<p>KST\u00a0 ZVL Pre\u0161ov\u00a0 a Mesto Ve\u013ek\u00fd \u0160ari\u0161\u00a0 \u00a0 \u00a0 \u00a0 V\u00e1s poz\u00fdvaj\u00fa na 12. ro\u010dn\u00edk Zimn\u00e9ho no\u010dn\u00e9ho pochodu na HRAD \u0160ARI\u0160\u00a0 Term\u00edn: \u00a0\u00a0 \u00a011.1.2025\u00a0 (sobota) Trasa: \u00a0parkovisko pod hradom \u0160ari\u0161<\/p>\n","protected":false},"author":7,"featured_media":33488,"comment_status":"open","ping_status":"closed","template":"","meta":{"inline_featured_image":false,"_monsterinsights_skip_tracking":false,"_monsterinsights_sitenote_active":false,"_monsterinsights_sitenote_note":"","_monsterinsights_sitenote_category":0,"_tribe_events_status":"","_tribe_events_status_reason":""},"tags":[],"tribe_events_cat":[12],"yoast_head":"<!-- This site is optimized with the Yoast SEO plugin v22.6 - https:\/\/yoast.com\/wordpress\/plugins\/seo\/ -->\n<title>Zimn\u00fd no\u010dn\u00fd pochod na Hrad \u0160ari\u0161<\/title>\n<meta name=\"description\" content=\"KST\u00a0 ZVL Pre\u0161ov\u00a0 a Mesto Ve\u013ek\u00fd \u0160ari\u0161\u00a0 \u00a0 \u00a0 \u00a0 V\u00e1s poz\u00fdvaj\u00fa na 12. ro\u010dn\u00edk Zimn\u00e9ho no\u010dn\u00e9ho pochodu na HRAD \u0160ARI\u0160\u00a0 Term\u00edn: \u00a0\u00a0 \u00a011.1.2025\u00a0 (sobota) Trasa: \u00a0parkovisko pod hradom \u0160ari\u0161 \u2013 hrad \u0160ari\u0161 a sp\u00e4\u0165 \u00a0( trasa\u00a0 6 km) Zraz:\u00a0\u00a0\u00a0\u00a0\u00a0 na verejnom parkovisku pod hradom \u0160ari\u0161 o \u00a022 30 hod Hrad bude pr\u00edstupn\u00fd vr\u00e1tane ve\u017ee&hellip;\" \/>\n<meta name=\"robots\" content=\"index, follow, max-snippet:-1, max-image-preview:large, max-video-preview:-1\" \/>\n<link rel=\"canonical\" href=\"https:\/\/www.hradsaris.sk\/%tribe_events-slug%\/zimny-nocny-pochod-na-hrad-saris\/\" \/>\n<meta property=\"og:locale\" content=\"en_GB\" \/>\n<meta property=\"og:type\" content=\"article\" \/>\n<meta property=\"og:title\" content=\"Zimn\u00fd no\u010dn\u00fd pochod na Hrad \u0160ari\u0161\" \/>\n<meta property=\"og:description\" content=\"KST\u00a0 ZVL Pre\u0161ov\u00a0 a Mesto Ve\u013ek\u00fd \u0160ari\u0161\u00a0 \u00a0 \u00a0 \u00a0 V\u00e1s poz\u00fdvaj\u00fa na 12. ro\u010dn\u00edk Zimn\u00e9ho no\u010dn\u00e9ho pochodu na HRAD \u0160ARI\u0160\u00a0 Term\u00edn: \u00a0\u00a0 \u00a011.1.2025\u00a0 (sobota) Trasa: \u00a0parkovisko pod hradom \u0160ari\u0161 \u2013 hrad \u0160ari\u0161 a sp\u00e4\u0165 \u00a0( trasa\u00a0 6 km) Zraz:\u00a0\u00a0\u00a0\u00a0\u00a0 na verejnom parkovisku pod hradom \u0160ari\u0161 o \u00a022 30 hod Hrad bude pr\u00edstupn\u00fd vr\u00e1tane ve\u017ee&hellip;\" \/>\n<meta property=\"og:url\" content=\"https:\/\/www.hradsaris.sk\/%tribe_events-slug%\/zimny-nocny-pochod-na-hrad-saris\/\" \/>\n<meta property=\"og:site_name\" content=\"Hrad \u0160ari\u0161\" \/>\n<meta property=\"article:modified_time\" content=\"2024-12-20T09:23:22+00:00\" \/>\n<meta property=\"og:image\" content=\"https:\/\/www.hradsaris.sk\/wp-content\/uploads\/2024\/12\/Nocny-pochod-Hrad-Saris.jpg\" \/>\n\t<meta property=\"og:image:width\" content=\"1000\" \/>\n\t<meta property=\"og:image:height\" content=\"1500\" \/>\n\t<meta property=\"og:image:type\" content=\"image\/jpeg\" \/>\n<meta name=\"twitter:card\" content=\"summary_large_image\" \/>\n<meta name=\"twitter:label1\" content=\"Estimated reading time\" \/>\n\t<meta name=\"twitter:data1\" content=\"1 minute\" \/>\n<script type=\"application\/ld+json\" class=\"yoast-schema-graph\">{\"@context\":\"https:\/\/schema.org\",\"@graph\":[{\"@type\":\"WebPage\",\"@id\":\"https:\/\/www.hradsaris.sk\/%tribe_events-slug%\/zimny-nocny-pochod-na-hrad-saris\/\",\"url\":\"https:\/\/www.hradsaris.sk\/%tribe_events-slug%\/zimny-nocny-pochod-na-hrad-saris\/\",\"name\":\"Zimn\u00fd no\u010dn\u00fd pochod na Hrad \u0160ari\u0161 - Hrad \u0160ari\u0161\",\"isPartOf\":{\"@id\":\"https:\/\/www.hradsaris.sk\/#website\"},\"primaryImageOfPage\":{\"@id\":\"https:\/\/www.hradsaris.sk\/%tribe_events-slug%\/zimny-nocny-pochod-na-hrad-saris\/#primaryimage\"},\"image\":{\"@id\":\"https:\/\/www.hradsaris.sk\/%tribe_events-slug%\/zimny-nocny-pochod-na-hrad-saris\/#primaryimage\"},\"thumbnailUrl\":\"https:\/\/www.hradsaris.sk\/wp-content\/uploads\/2024\/12\/Nocny-pochod-Hrad-Saris.jpg\",\"datePublished\":\"2024-12-20T09:23:11+00:00\",\"dateModified\":\"2024-12-20T09:23:22+00:00\",\"breadcrumb\":{\"@id\":\"https:\/\/www.hradsaris.sk\/%tribe_events-slug%\/zimny-nocny-pochod-na-hrad-saris\/#breadcrumb\"},\"inLanguage\":\"en-GB\",\"potentialAction\":[{\"@type\":\"ReadAction\",\"target\":[\"https:\/\/www.hradsaris.sk\/%tribe_events-slug%\/zimny-nocny-pochod-na-hrad-saris\/\"]}]},{\"@type\":\"ImageObject\",\"inLanguage\":\"en-GB\",\"@id\":\"https:\/\/www.hradsaris.sk\/%tribe_events-slug%\/zimny-nocny-pochod-na-hrad-saris\/#primaryimage\",\"url\":\"https:\/\/www.hradsaris.sk\/wp-content\/uploads\/2024\/12\/Nocny-pochod-Hrad-Saris.jpg\",\"contentUrl\":\"https:\/\/www.hradsaris.sk\/wp-content\/uploads\/2024\/12\/Nocny-pochod-Hrad-Saris.jpg\",\"width\":1000,\"height\":1500},{\"@type\":\"BreadcrumbList\",\"@id\":\"https:\/\/www.hradsaris.sk\/%tribe_events-slug%\/zimny-nocny-pochod-na-hrad-saris\/#breadcrumb\",\"itemListElement\":[{\"@type\":\"ListItem\",\"position\":1,\"name\":\"Home\",\"item\":\"https:\/\/www.hradsaris.sk\/\"},{\"@type\":\"ListItem\",\"position\":2,\"name\":\"Udalosti\",\"item\":\"https:\/\/www.hradsaris.sk\/tribe_events\/\"},{\"@type\":\"ListItem\",\"position\":3,\"name\":\"Zimn\u00fd no\u010dn\u00fd pochod na Hrad \u0160ari\u0161\"}]},{\"@type\":\"WebSite\",\"@id\":\"https:\/\/www.hradsaris.sk\/#website\",\"url\":\"https:\/\/www.hradsaris.sk\/\",\"name\":\"Hrad \u0160ari\u0161\",\"description\":\"Historick\u00e9 srdce \u0160ari\u0161a\",\"potentialAction\":[{\"@type\":\"SearchAction\",\"target\":{\"@type\":\"EntryPoint\",\"urlTemplate\":\"https:\/\/www.hradsaris.sk\/?s={search_term_string}\"},\"query-input\":\"required name=search_term_string\"}],\"inLanguage\":\"en-GB\"}]}<\/script>\n<!-- \/ Yoast SEO plugin. -->","yoast_head_json":{"title":"Zimn\u00fd no\u010dn\u00fd pochod na Hrad \u0160ari\u0161","description":"KST\u00a0 ZVL Pre\u0161ov\u00a0 a Mesto Ve\u013ek\u00fd \u0160ari\u0161\u00a0 \u00a0 \u00a0 \u00a0 V\u00e1s poz\u00fdvaj\u00fa na 12. ro\u010dn\u00edk Zimn\u00e9ho no\u010dn\u00e9ho pochodu na HRAD \u0160ARI\u0160\u00a0 Term\u00edn: \u00a0\u00a0 \u00a011.1.2025\u00a0 (sobota) Trasa: \u00a0parkovisko pod hradom \u0160ari\u0161 \u2013 hrad \u0160ari\u0161 a sp\u00e4\u0165 \u00a0( trasa\u00a0 6 km) Zraz:\u00a0\u00a0\u00a0\u00a0\u00a0 na verejnom parkovisku pod hradom \u0160ari\u0161 o \u00a022 30 hod Hrad bude pr\u00edstupn\u00fd vr\u00e1tane ve\u017ee&hellip;","robots":{"index":"index","follow":"follow","max-snippet":"max-snippet:-1","max-image-preview":"max-image-preview:large","max-video-preview":"max-video-preview:-1"},"canonical":"https:\/\/www.hradsaris.sk\/%tribe_events-slug%\/zimny-nocny-pochod-na-hrad-saris\/","og_locale":"en_GB","og_type":"article","og_title":"Zimn\u00fd no\u010dn\u00fd pochod na Hrad \u0160ari\u0161","og_description":"KST\u00a0 ZVL Pre\u0161ov\u00a0 a Mesto Ve\u013ek\u00fd \u0160ari\u0161\u00a0 \u00a0 \u00a0 \u00a0 V\u00e1s poz\u00fdvaj\u00fa na 12. ro\u010dn\u00edk Zimn\u00e9ho no\u010dn\u00e9ho pochodu na HRAD \u0160ARI\u0160\u00a0 Term\u00edn: \u00a0\u00a0 \u00a011.1.2025\u00a0 (sobota) Trasa: \u00a0parkovisko pod hradom \u0160ari\u0161 \u2013 hrad \u0160ari\u0161 a sp\u00e4\u0165 \u00a0( trasa\u00a0 6 km) Zraz:\u00a0\u00a0\u00a0\u00a0\u00a0 na verejnom parkovisku pod hradom \u0160ari\u0161 o \u00a022 30 hod Hrad bude pr\u00edstupn\u00fd vr\u00e1tane ve\u017ee&hellip;","og_url":"https:\/\/www.hradsaris.sk\/%tribe_events-slug%\/zimny-nocny-pochod-na-hrad-saris\/","og_site_name":"Hrad \u0160ari\u0161","article_modified_time":"2024-12-20T09:23:22+00:00","og_image":[{"width":1000,"height":1500,"url":"https:\/\/www.hradsaris.sk\/wp-content\/uploads\/2024\/12\/Nocny-pochod-Hrad-Saris.jpg","type":"image\/jpeg"}],"twitter_card":"summary_large_image","twitter_misc":{"Estimated reading time":"1 minute"},"schema":{"@context":"https:\/\/schema.org","@graph":[{"@type":"WebPage","@id":"https:\/\/www.hradsaris.sk\/%tribe_events-slug%\/zimny-nocny-pochod-na-hrad-saris\/","url":"https:\/\/www.hradsaris.sk\/%tribe_events-slug%\/zimny-nocny-pochod-na-hrad-saris\/","name":"Zimn\u00fd no\u010dn\u00fd pochod na Hrad \u0160ari\u0161 - Hrad \u0160ari\u0161","isPartOf":{"@id":"https:\/\/www.hradsaris.sk\/#website"},"primaryImageOfPage":{"@id":"https:\/\/www.hradsaris.sk\/%tribe_events-slug%\/zimny-nocny-pochod-na-hrad-saris\/#primaryimage"},"image":{"@id":"https:\/\/www.hradsaris.sk\/%tribe_events-slug%\/zimny-nocny-pochod-na-hrad-saris\/#primaryimage"},"thumbnailUrl":"https:\/\/www.hradsaris.sk\/wp-content\/uploads\/2024\/12\/Nocny-pochod-Hrad-Saris.jpg","datePublished":"2024-12-20T09:23:11+00:00","dateModified":"2024-12-20T09:23:22+00:00","breadcrumb":{"@id":"https:\/\/www.hradsaris.sk\/%tribe_events-slug%\/zimny-nocny-pochod-na-hrad-saris\/#breadcrumb"},"inLanguage":"en-GB","potentialAction":[{"@type":"ReadAction","target":["https:\/\/www.hradsaris.sk\/%tribe_events-slug%\/zimny-nocny-pochod-na-hrad-saris\/"]}]},{"@type":"ImageObject","inLanguage":"en-GB","@id":"https:\/\/www.hradsaris.sk\/%tribe_events-slug%\/zimny-nocny-pochod-na-hrad-saris\/#primaryimage","url":"https:\/\/www.hradsaris.sk\/wp-content\/uploads\/2024\/12\/Nocny-pochod-Hrad-Saris.jpg","contentUrl":"https:\/\/www.hradsaris.sk\/wp-content\/uploads\/2024\/12\/Nocny-pochod-Hrad-Saris.jpg","width":1000,"height":1500},{"@type":"BreadcrumbList","@id":"https:\/\/www.hradsaris.sk\/%tribe_events-slug%\/zimny-nocny-pochod-na-hrad-saris\/#breadcrumb","itemListElement":[{"@type":"ListItem","position":1,"name":"Home","item":"https:\/\/www.hradsaris.sk\/"},{"@type":"ListItem","position":2,"name":"Udalosti","item":"https:\/\/www.hradsaris.sk\/tribe_events\/"},{"@type":"ListItem","position":3,"name":"Zimn\u00fd no\u010dn\u00fd pochod na Hrad \u0160ari\u0161"}]},{"@type":"WebSite","@id":"https:\/\/www.hradsaris.sk\/#website","url":"https:\/\/www.hradsaris.sk\/","name":"Hrad \u0160ari\u0161","description":"Historick\u00e9 srdce \u0160ari\u0161a","potentialAction":[{"@type":"SearchAction","target":{"@type":"EntryPoint","urlTemplate":"https:\/\/www.hradsaris.sk\/?s={search_term_string}"},"query-input":"required name=search_term_string"}],"inLanguage":"en-GB"}]}},"_links":{"self":[{"href":"https:\/\/www.hradsaris.sk\/wp-json\/wp\/v2\/tribe_events\/33486"}],"collection":[{"href":"https:\/\/www.hradsaris.sk\/wp-json\/wp\/v2\/tribe_events"}],"about":[{"href":"https:\/\/www.hradsaris.sk\/wp-json\/wp\/v2\/types\/tribe_events"}],"author":[{"embeddable":true,"href":"https:\/\/www.hradsaris.sk\/wp-json\/wp\/v2\/users\/7"}],"replies":[{"embeddable":true,"href":"https:\/\/www.hradsaris.sk\/wp-json\/wp\/v2\/comments?post=33486"}],"version-history":[{"count":3,"href":"https:\/\/www.hradsaris.sk\/wp-json\/wp\/v2\/tribe_events\/33486\/revisions"}],"predecessor-version":[{"id":33491,"href":"https:\/\/www.hradsaris.sk\/wp-json\/wp\/v2\/tribe_events\/33486\/revisions\/33491"}],"wp:featuredmedia":[{"embeddable":true,"href":"https:\/\/www.hradsaris.sk\/wp-json\/wp\/v2\/media\/33488"}],"wp:attachment":[{"href":"https:\/\/www.hradsaris.sk\/wp-json\/wp\/v2\/media?parent=33486"}],"wp:term":[{"taxonomy":"post_tag","embeddable":true,"href":"https:\/\/www.hradsaris.sk\/wp-json\/wp\/v2\/tags?post=33486"},{"taxonomy":"tribe_events_cat","embeddable":true,"href":"https:\/\/www.hradsaris.sk\/wp-json\/wp\/v2\/tribe_events_cat?post=33486"}],"curies":[{"name":"wp","href":"https:\/\/api.w.org\/{rel}","templated":true}]}}