{"id":33427,"date":"2024-10-10T10:56:03","date_gmt":"2024-10-10T10:56:03","guid":{"rendered":"https:\/\/www.hradsaris.sk\/tribe_events\/\/"},"modified":"2024-10-10T10:56:03","modified_gmt":"2024-10-10T10:56:03","slug":"hradna-sarkaniada-na-hrade-saris","status":"publish","type":"tribe_events","link":"https:\/\/www.hradsaris.sk\/%tribe_events-slug%\/hradna-sarkaniada-na-hrade-saris\/","title":{"rendered":"Hradn\u00e1 \u0160arkani\u00e1da na hrade \u0160ari\u0161"},"content":{"rendered":"<p>Jesenn\u00e9 po\u010dasie je stvoren\u00e9 na jesenn\u00e9 prech\u00e1dzky.<\/p>\n<div class=\"xdj266r x11i5rnm xat24cr x1mh8g0r x1vvkbs x126k92a\">\n<div dir=\"auto\">Po\u010fte s nami p\u00fa\u0161\u0165a\u0165 \u0161arkanov zo stredovek\u00e9ho hradu \u0160ari\u0161!<\/div>\n<div dir=\"auto\">V nede\u013eu 13.10.2024 sa na n\u00e1vor\u00ed hradu \u0160ari\u0161 uskuto\u010dn\u00ed 9. ro\u010dn\u00edk Hradnej \u0160arkani\u00e1dy.<\/div>\n<div dir=\"auto\">S\u00fa\u0165a\u017ei\u0165 sa bude v kateg\u00f3rii o najkraj\u0161ieho \u0161arkana a najvy\u0161\u0161ie lietaj\u00faceho \u0161arkana.<\/div>\n<div dir=\"auto\">S\u00fa\u0165a\u017e je ur\u010den\u00e1 nielen mal\u00fdm tvorcom ale aj ich rodi\u010dom, \u010di dospel\u00fdm.<\/div>\n<div dir=\"auto\">Na hradnom n\u00e1dvor\u00ed bude k dispoz\u00edcii mo\u017enos\u0165 nav\u0161t\u00edvi\u0165 ve\u017eu donjon s v\u00fdh\u013eadom na okolie mesta a susedn\u00e9 hrady, vysk\u00fa\u0161a\u0165 si dobov\u00fa lukostre\u013ebu a na zohriatie, \u010di mal\u00e9 ob\u010derstvenie bude otvoren\u00fd aj hradn\u00fd bufet.<\/div>\n<div dir=\"auto\">Te\u0161\u00edme sa na V\u00e1s v NEDE\u013dU 13.10.2024 o 11:00 hod.<\/div>\n<\/div>\n<div class=\"x11i5rnm xat24cr x1mh8g0r x1vvkbs xtlvy1s x126k92a\">\n<div dir=\"auto\">Organiz\u00e1torom podujatia je @OZ Hradba \u0160ari\u0161<\/div>\n<\/div>\n<div class=\"x11i5rnm xat24cr x1mh8g0r x1vvkbs xtlvy1s x126k92a\">\n<div dir=\"auto\">Spoluorganiz\u00e1torom je <span class=\"html-span xdj266r x11i5rnm xat24cr x1mh8g0r xexx8yu x4uap5 x18d9i69 xkhd6sd x1hl2dhg x16tdsg8 x1vvkbs\"><a class=\"x1i10hfl xjbqb8w x1ejq31n xd10rxx x1sy0etr x17r0tee x972fbf xcfux6l x1qhh985 xm0m39n x9f619 x1ypdohk xt0psk2 xe8uvvx xdj266r x11i5rnm xat24cr x1mh8g0r xexx8yu x4uap5 x18d9i69 xkhd6sd x16tdsg8 x1hl2dhg xggy1nq x1a2a7pz x1sur9pj xkrqix3 x1fey0fg xo1l8bm\" tabindex=\"0\" role=\"link\" href=\"https:\/\/www.facebook.com\/mestovelkysaris?__cft__[0]=AZVL7Ap9ZtB1u4x027YQU3qnpERcD2Hwab0QbBhi3NriUmXBSzfWwkw3aVDvZ_Ts_ajDnLRjmw0gS4xcZVCyuiI9A6vJ9k5uhyOY6fDoReCdMVG0bx8oiI4myfMXsBofBF_niDqH9VQO0taH6BwxhpnOHQoBsQbilkHFiSS1zp3VtOPpsqzP6axfs79o-KwIaEs&amp;__tn__=-]K-R\"><span class=\"xt0psk2\">Mesto Ve\u013ek\u00fd \u0160ari\u0161 &#8211; ofici\u00e1lna str\u00e1nka<\/span><\/a><\/span><\/div>\n<\/div>\n","protected":false},"excerpt":{"rendered":"<p>Jesenn\u00e9 po\u010dasie je stvoren\u00e9 na jesenn\u00e9 prech\u00e1dzky. Po\u010fte s nami p\u00fa\u0161\u0165a\u0165 \u0161arkanov zo stredovek\u00e9ho hradu \u0160ari\u0161! V nede\u013eu 13.10.2024 sa na n\u00e1vor\u00ed hradu \u0160ari\u0161 uskuto\u010dn\u00ed 9. ro\u010dn\u00edk Hradnej \u0160arkani\u00e1dy. S\u00fa\u0165a\u017ei\u0165<\/p>\n","protected":false},"author":7,"featured_media":0,"comment_status":"open","ping_status":"closed","template":"","meta":{"inline_featured_image":false,"_monsterinsights_skip_tracking":false,"_monsterinsights_sitenote_active":false,"_monsterinsights_sitenote_note":"","_monsterinsights_sitenote_category":0,"_tribe_events_status":"","_tribe_events_status_reason":""},"tags":[],"tribe_events_cat":[],"yoast_head":"<!-- This site is optimized with the Yoast SEO plugin v22.6 - https:\/\/yoast.com\/wordpress\/plugins\/seo\/ -->\n<title>Hradn\u00e1 \u0160arkani\u00e1da na hrade \u0160ari\u0161<\/title>\n<meta name=\"description\" content=\"Jesenn\u00e9 po\u010dasie je stvoren\u00e9 na jesenn\u00e9 prech\u00e1dzky. Po\u010fte s nami p\u00fa\u0161\u0165a\u0165 \u0161arkanov zo stredovek\u00e9ho hradu \u0160ari\u0161! V nede\u013eu 13.10.2024 sa na n\u00e1vor\u00ed hradu \u0160ari\u0161 uskuto\u010dn\u00ed 9. ro\u010dn\u00edk Hradnej \u0160arkani\u00e1dy. S\u00fa\u0165a\u017ei\u0165 sa bude v kateg\u00f3rii o najkraj\u0161ieho \u0161arkana a najvy\u0161\u0161ie lietaj\u00faceho \u0161arkana. S\u00fa\u0165a\u017e je ur\u010den\u00e1 nielen mal\u00fdm tvorcom ale aj ich rodi\u010dom, \u010di dospel\u00fdm. Na hradnom&hellip;\" \/>\n<meta name=\"robots\" content=\"index, follow, max-snippet:-1, max-image-preview:large, max-video-preview:-1\" \/>\n<link rel=\"canonical\" href=\"https:\/\/www.hradsaris.sk\/%tribe_events-slug%\/hradna-sarkaniada-na-hrade-saris\/\" \/>\n<meta property=\"og:locale\" content=\"en_GB\" \/>\n<meta property=\"og:type\" content=\"article\" \/>\n<meta property=\"og:title\" content=\"Hradn\u00e1 \u0160arkani\u00e1da na hrade \u0160ari\u0161\" \/>\n<meta property=\"og:description\" content=\"Jesenn\u00e9 po\u010dasie je stvoren\u00e9 na jesenn\u00e9 prech\u00e1dzky. Po\u010fte s nami p\u00fa\u0161\u0165a\u0165 \u0161arkanov zo stredovek\u00e9ho hradu \u0160ari\u0161! V nede\u013eu 13.10.2024 sa na n\u00e1vor\u00ed hradu \u0160ari\u0161 uskuto\u010dn\u00ed 9. ro\u010dn\u00edk Hradnej \u0160arkani\u00e1dy. S\u00fa\u0165a\u017ei\u0165 sa bude v kateg\u00f3rii o najkraj\u0161ieho \u0161arkana a najvy\u0161\u0161ie lietaj\u00faceho \u0161arkana. S\u00fa\u0165a\u017e je ur\u010den\u00e1 nielen mal\u00fdm tvorcom ale aj ich rodi\u010dom, \u010di dospel\u00fdm. Na hradnom&hellip;\" \/>\n<meta property=\"og:url\" content=\"https:\/\/www.hradsaris.sk\/%tribe_events-slug%\/hradna-sarkaniada-na-hrade-saris\/\" \/>\n<meta property=\"og:site_name\" content=\"Hrad \u0160ari\u0161\" \/>\n<meta property=\"og:image\" content=\"https:\/\/www.hradsaris.sk\/wp-content\/uploads\/2024\/10\/Sarkaniada.jpg\" \/>\n\t<meta property=\"og:image:width\" content=\"600\" \/>\n\t<meta property=\"og:image:height\" content=\"849\" \/>\n\t<meta property=\"og:image:type\" content=\"image\/jpeg\" \/>\n<meta name=\"twitter:card\" content=\"summary_large_image\" \/>\n<meta name=\"twitter:label1\" content=\"Estimated reading time\" \/>\n\t<meta name=\"twitter:data1\" content=\"1 minute\" \/>\n<script type=\"application\/ld+json\" class=\"yoast-schema-graph\">{\"@context\":\"https:\/\/schema.org\",\"@graph\":[{\"@type\":\"WebPage\",\"@id\":\"https:\/\/www.hradsaris.sk\/%tribe_events-slug%\/hradna-sarkaniada-na-hrade-saris\/\",\"url\":\"https:\/\/www.hradsaris.sk\/%tribe_events-slug%\/hradna-sarkaniada-na-hrade-saris\/\",\"name\":\"Hradn\u00e1 \u0160arkani\u00e1da na hrade \u0160ari\u0161 - Hrad \u0160ari\u0161\",\"isPartOf\":{\"@id\":\"https:\/\/www.hradsaris.sk\/#website\"},\"datePublished\":\"2024-10-10T10:56:03+00:00\",\"dateModified\":\"2024-10-10T10:56:03+00:00\",\"breadcrumb\":{\"@id\":\"https:\/\/www.hradsaris.sk\/%tribe_events-slug%\/hradna-sarkaniada-na-hrade-saris\/#breadcrumb\"},\"inLanguage\":\"en-GB\",\"potentialAction\":[{\"@type\":\"ReadAction\",\"target\":[\"https:\/\/www.hradsaris.sk\/%tribe_events-slug%\/hradna-sarkaniada-na-hrade-saris\/\"]}]},{\"@type\":\"BreadcrumbList\",\"@id\":\"https:\/\/www.hradsaris.sk\/%tribe_events-slug%\/hradna-sarkaniada-na-hrade-saris\/#breadcrumb\",\"itemListElement\":[{\"@type\":\"ListItem\",\"position\":1,\"name\":\"Home\",\"item\":\"https:\/\/www.hradsaris.sk\/\"},{\"@type\":\"ListItem\",\"position\":2,\"name\":\"Udalosti\",\"item\":\"https:\/\/www.hradsaris.sk\/tribe_events\/\"},{\"@type\":\"ListItem\",\"position\":3,\"name\":\"Hradn\u00e1 \u0160arkani\u00e1da na hrade \u0160ari\u0161\"}]},{\"@type\":\"WebSite\",\"@id\":\"https:\/\/www.hradsaris.sk\/#website\",\"url\":\"https:\/\/www.hradsaris.sk\/\",\"name\":\"Hrad \u0160ari\u0161\",\"description\":\"Historick\u00e9 srdce \u0160ari\u0161a\",\"potentialAction\":[{\"@type\":\"SearchAction\",\"target\":{\"@type\":\"EntryPoint\",\"urlTemplate\":\"https:\/\/www.hradsaris.sk\/?s={search_term_string}\"},\"query-input\":\"required name=search_term_string\"}],\"inLanguage\":\"en-GB\"}]}<\/script>\n<!-- \/ Yoast SEO plugin. -->","yoast_head_json":{"title":"Hradn\u00e1 \u0160arkani\u00e1da na hrade \u0160ari\u0161","description":"Jesenn\u00e9 po\u010dasie je stvoren\u00e9 na jesenn\u00e9 prech\u00e1dzky. Po\u010fte s nami p\u00fa\u0161\u0165a\u0165 \u0161arkanov zo stredovek\u00e9ho hradu \u0160ari\u0161! V nede\u013eu 13.10.2024 sa na n\u00e1vor\u00ed hradu \u0160ari\u0161 uskuto\u010dn\u00ed 9. ro\u010dn\u00edk Hradnej \u0160arkani\u00e1dy. S\u00fa\u0165a\u017ei\u0165 sa bude v kateg\u00f3rii o najkraj\u0161ieho \u0161arkana a najvy\u0161\u0161ie lietaj\u00faceho \u0161arkana. S\u00fa\u0165a\u017e je ur\u010den\u00e1 nielen mal\u00fdm tvorcom ale aj ich rodi\u010dom, \u010di dospel\u00fdm. Na hradnom&hellip;","robots":{"index":"index","follow":"follow","max-snippet":"max-snippet:-1","max-image-preview":"max-image-preview:large","max-video-preview":"max-video-preview:-1"},"canonical":"https:\/\/www.hradsaris.sk\/%tribe_events-slug%\/hradna-sarkaniada-na-hrade-saris\/","og_locale":"en_GB","og_type":"article","og_title":"Hradn\u00e1 \u0160arkani\u00e1da na hrade \u0160ari\u0161","og_description":"Jesenn\u00e9 po\u010dasie je stvoren\u00e9 na jesenn\u00e9 prech\u00e1dzky. Po\u010fte s nami p\u00fa\u0161\u0165a\u0165 \u0161arkanov zo stredovek\u00e9ho hradu \u0160ari\u0161! V nede\u013eu 13.10.2024 sa na n\u00e1vor\u00ed hradu \u0160ari\u0161 uskuto\u010dn\u00ed 9. ro\u010dn\u00edk Hradnej \u0160arkani\u00e1dy. S\u00fa\u0165a\u017ei\u0165 sa bude v kateg\u00f3rii o najkraj\u0161ieho \u0161arkana a najvy\u0161\u0161ie lietaj\u00faceho \u0161arkana. S\u00fa\u0165a\u017e je ur\u010den\u00e1 nielen mal\u00fdm tvorcom ale aj ich rodi\u010dom, \u010di dospel\u00fdm. Na hradnom&hellip;","og_url":"https:\/\/www.hradsaris.sk\/%tribe_events-slug%\/hradna-sarkaniada-na-hrade-saris\/","og_site_name":"Hrad \u0160ari\u0161","og_image":[{"width":600,"height":849,"url":"https:\/\/www.hradsaris.sk\/wp-content\/uploads\/2024\/10\/Sarkaniada.jpg","type":"image\/jpeg"}],"twitter_card":"summary_large_image","twitter_misc":{"Estimated reading time":"1 minute"},"schema":{"@context":"https:\/\/schema.org","@graph":[{"@type":"WebPage","@id":"https:\/\/www.hradsaris.sk\/%tribe_events-slug%\/hradna-sarkaniada-na-hrade-saris\/","url":"https:\/\/www.hradsaris.sk\/%tribe_events-slug%\/hradna-sarkaniada-na-hrade-saris\/","name":"Hradn\u00e1 \u0160arkani\u00e1da na hrade \u0160ari\u0161 - Hrad \u0160ari\u0161","isPartOf":{"@id":"https:\/\/www.hradsaris.sk\/#website"},"datePublished":"2024-10-10T10:56:03+00:00","dateModified":"2024-10-10T10:56:03+00:00","breadcrumb":{"@id":"https:\/\/www.hradsaris.sk\/%tribe_events-slug%\/hradna-sarkaniada-na-hrade-saris\/#breadcrumb"},"inLanguage":"en-GB","potentialAction":[{"@type":"ReadAction","target":["https:\/\/www.hradsaris.sk\/%tribe_events-slug%\/hradna-sarkaniada-na-hrade-saris\/"]}]},{"@type":"BreadcrumbList","@id":"https:\/\/www.hradsaris.sk\/%tribe_events-slug%\/hradna-sarkaniada-na-hrade-saris\/#breadcrumb","itemListElement":[{"@type":"ListItem","position":1,"name":"Home","item":"https:\/\/www.hradsaris.sk\/"},{"@type":"ListItem","position":2,"name":"Udalosti","item":"https:\/\/www.hradsaris.sk\/tribe_events\/"},{"@type":"ListItem","position":3,"name":"Hradn\u00e1 \u0160arkani\u00e1da na hrade \u0160ari\u0161"}]},{"@type":"WebSite","@id":"https:\/\/www.hradsaris.sk\/#website","url":"https:\/\/www.hradsaris.sk\/","name":"Hrad \u0160ari\u0161","description":"Historick\u00e9 srdce \u0160ari\u0161a","potentialAction":[{"@type":"SearchAction","target":{"@type":"EntryPoint","urlTemplate":"https:\/\/www.hradsaris.sk\/?s={search_term_string}"},"query-input":"required name=search_term_string"}],"inLanguage":"en-GB"}]}},"_links":{"self":[{"href":"https:\/\/www.hradsaris.sk\/wp-json\/wp\/v2\/tribe_events\/33427"}],"collection":[{"href":"https:\/\/www.hradsaris.sk\/wp-json\/wp\/v2\/tribe_events"}],"about":[{"href":"https:\/\/www.hradsaris.sk\/wp-json\/wp\/v2\/types\/tribe_events"}],"author":[{"embeddable":true,"href":"https:\/\/www.hradsaris.sk\/wp-json\/wp\/v2\/users\/7"}],"replies":[{"embeddable":true,"href":"https:\/\/www.hradsaris.sk\/wp-json\/wp\/v2\/comments?post=33427"}],"version-history":[{"count":2,"href":"https:\/\/www.hradsaris.sk\/wp-json\/wp\/v2\/tribe_events\/33427\/revisions"}],"predecessor-version":[{"id":33430,"href":"https:\/\/www.hradsaris.sk\/wp-json\/wp\/v2\/tribe_events\/33427\/revisions\/33430"}],"wp:attachment":[{"href":"https:\/\/www.hradsaris.sk\/wp-json\/wp\/v2\/media?parent=33427"}],"wp:term":[{"taxonomy":"post_tag","embeddable":true,"href":"https:\/\/www.hradsaris.sk\/wp-json\/wp\/v2\/tags?post=33427"},{"taxonomy":"tribe_events_cat","embeddable":true,"href":"https:\/\/www.hradsaris.sk\/wp-json\/wp\/v2\/tribe_events_cat?post=33427"}],"curies":[{"name":"wp","href":"https:\/\/api.w.org\/{rel}","templated":true}]}}