{"id":33132,"date":"2024-01-28T18:34:41","date_gmt":"2024-01-28T18:34:41","guid":{"rendered":"https:\/\/www.hradsaris.sk\/tribe_events\/\/"},"modified":"2024-01-29T16:26:17","modified_gmt":"2024-01-29T16:26:17","slug":"valentin-na-hrade","status":"publish","type":"tribe_events","link":"https:\/\/www.hradsaris.sk\/%tribe_events-slug%\/valentin-na-hrade\/","title":{"rendered":"Valent\u00ednska kladka l\u00e1sky na hrade"},"content":{"rendered":"<p>Mil\u00ed n\u00e1v\u0161tevn\u00edci hradu, aj na tento kr\u00e1sny de\u0148, de\u0148 sv. Valent\u00edna, sme pre V\u00e1s pripravili mal\u00e9<br \/>\npodujatie, ktor\u00e9 m\u00f4\u017eete spoji\u0165 s\u00a0mal\u00fdm nede\u013en\u00fdm v\u00fdletom 11.2.2024 na hrad \u0160ari\u0161. Len v\u00a0tento<br \/>\nde\u0148 spr\u00edstupnime miesta inak n\u00e1v\u0161tevn\u00edkom zamknut\u00e9, kde si m\u00f4\u017eete necha\u0165 svoju kladku, ako<br \/>\nd\u00f4kaz priate\u013estva, l\u00e1sky k\u00a0svojim bl\u00edzkym a\u00a0milovan\u00fdm. D\u00fafame, \u017ee snehu bude dos\u0165 aj na Va\u0161ich<br \/>\nsnehuliakov, ktor\u00ed bud\u00fa zdobi\u0165 n\u00e1dvorie hradu a\u017e do roztopenia. V\u00a0tento de\u0148 si v \u00a0na\u0161om bufete<br \/>\nm\u00f4\u017eete zak\u00fapi\u0165 Valent\u00ednsky pun\u010d a\u00a0vyrobi\u0165 medovn\u00edkov\u00e9 srdie\u010dko v\u00a0piecke, \u010di u\u017e pre seba, alebo<br \/>\npre niekoho bl\u00edzkeho. Nezabudnite si prinies\u0165 svoju kladku, ktorou si zamknete svoju l\u00e1sku<br \/>\npriamo na n\u00e1dvor\u00ed hradu \u0160ari\u0161.<\/p>\n<p><img decoding=\"async\" loading=\"lazy\" class=\"alignnone wp-image-33133\" src=\"https:\/\/www.hradsaris.sk\/wp-content\/uploads\/2024\/01\/plagat-valentinska-kladka-lasky-212x300.jpg\" alt=\"\" width=\"868\" height=\"1228\" \/><\/p>\n","protected":false},"excerpt":{"rendered":"<p>Mil\u00ed n\u00e1v\u0161tevn\u00edci hradu, aj na tento kr\u00e1sny de\u0148, de\u0148 sv. Valent\u00edna, sme pre V\u00e1s pripravili mal\u00e9 podujatie, ktor\u00e9 m\u00f4\u017eete spoji\u0165 s\u00a0mal\u00fdm nede\u013en\u00fdm v\u00fdletom 11.2.2024 na hrad \u0160ari\u0161. Len v\u00a0tento de\u0148<\/p>\n","protected":false},"author":7,"featured_media":0,"comment_status":"open","ping_status":"closed","template":"","meta":{"inline_featured_image":false,"_monsterinsights_skip_tracking":false,"_monsterinsights_sitenote_active":false,"_monsterinsights_sitenote_note":"","_monsterinsights_sitenote_category":0,"_tribe_events_status":"","_tribe_events_status_reason":""},"tags":[],"tribe_events_cat":[12],"yoast_head":"<!-- This site is optimized with the Yoast SEO plugin v22.6 - https:\/\/yoast.com\/wordpress\/plugins\/seo\/ -->\n<title>Valent\u00ednska kladka l\u00e1sky na hrade<\/title>\n<meta name=\"description\" content=\"Mil\u00ed n\u00e1v\u0161tevn\u00edci hradu, aj na tento kr\u00e1sny de\u0148, de\u0148 sv. Valent\u00edna, sme pre V\u00e1s pripravili mal\u00e9 podujatie, ktor\u00e9 m\u00f4\u017eete spoji\u0165 s\u00a0mal\u00fdm nede\u013en\u00fdm v\u00fdletom 11.2.2024 na hrad \u0160ari\u0161. Len v\u00a0tento de\u0148 spr\u00edstupnime miesta inak n\u00e1v\u0161tevn\u00edkom zamknut\u00e9, kde si m\u00f4\u017eete necha\u0165 svoju kladku, ako d\u00f4kaz priate\u013estva, l\u00e1sky k\u00a0svojim bl\u00edzkym a\u00a0milovan\u00fdm. D\u00fafame, \u017ee snehu bude dos\u0165 aj na&hellip;\" \/>\n<meta name=\"robots\" content=\"index, follow, max-snippet:-1, max-image-preview:large, max-video-preview:-1\" \/>\n<link rel=\"canonical\" href=\"https:\/\/www.hradsaris.sk\/%tribe_events-slug%\/valentin-na-hrade\/\" \/>\n<meta property=\"og:locale\" content=\"en_GB\" \/>\n<meta property=\"og:type\" content=\"article\" \/>\n<meta property=\"og:title\" content=\"Valent\u00ednska kladka l\u00e1sky na hrade\" \/>\n<meta property=\"og:description\" content=\"Mil\u00ed n\u00e1v\u0161tevn\u00edci hradu, aj na tento kr\u00e1sny de\u0148, de\u0148 sv. Valent\u00edna, sme pre V\u00e1s pripravili mal\u00e9 podujatie, ktor\u00e9 m\u00f4\u017eete spoji\u0165 s\u00a0mal\u00fdm nede\u013en\u00fdm v\u00fdletom 11.2.2024 na hrad \u0160ari\u0161. Len v\u00a0tento de\u0148 spr\u00edstupnime miesta inak n\u00e1v\u0161tevn\u00edkom zamknut\u00e9, kde si m\u00f4\u017eete necha\u0165 svoju kladku, ako d\u00f4kaz priate\u013estva, l\u00e1sky k\u00a0svojim bl\u00edzkym a\u00a0milovan\u00fdm. D\u00fafame, \u017ee snehu bude dos\u0165 aj na&hellip;\" \/>\n<meta property=\"og:url\" content=\"https:\/\/www.hradsaris.sk\/%tribe_events-slug%\/valentin-na-hrade\/\" \/>\n<meta property=\"og:site_name\" content=\"Hrad \u0160ari\u0161\" \/>\n<meta property=\"article:modified_time\" content=\"2024-01-29T16:26:17+00:00\" \/>\n<meta property=\"og:image\" content=\"https:\/\/www.hradsaris.sk\/wp-content\/uploads\/2024\/01\/plagat-valentinska-kladka-lasky-212x300.jpg\" \/>\n<meta name=\"twitter:card\" content=\"summary_large_image\" \/>\n<meta name=\"twitter:label1\" content=\"Estimated reading time\" \/>\n\t<meta name=\"twitter:data1\" content=\"1 minute\" \/>\n<script type=\"application\/ld+json\" class=\"yoast-schema-graph\">{\"@context\":\"https:\/\/schema.org\",\"@graph\":[{\"@type\":\"WebPage\",\"@id\":\"https:\/\/www.hradsaris.sk\/%tribe_events-slug%\/valentin-na-hrade\/\",\"url\":\"https:\/\/www.hradsaris.sk\/%tribe_events-slug%\/valentin-na-hrade\/\",\"name\":\"Valent\u00ednska kladka l\u00e1sky na hrade - Hrad \u0160ari\u0161\",\"isPartOf\":{\"@id\":\"https:\/\/www.hradsaris.sk\/#website\"},\"primaryImageOfPage\":{\"@id\":\"https:\/\/www.hradsaris.sk\/%tribe_events-slug%\/valentin-na-hrade\/#primaryimage\"},\"image\":{\"@id\":\"https:\/\/www.hradsaris.sk\/%tribe_events-slug%\/valentin-na-hrade\/#primaryimage\"},\"thumbnailUrl\":\"https:\/\/www.hradsaris.sk\/wp-content\/uploads\/2024\/01\/plagat-valentinska-kladka-lasky-212x300.jpg\",\"datePublished\":\"2024-01-28T18:34:41+00:00\",\"dateModified\":\"2024-01-29T16:26:17+00:00\",\"breadcrumb\":{\"@id\":\"https:\/\/www.hradsaris.sk\/%tribe_events-slug%\/valentin-na-hrade\/#breadcrumb\"},\"inLanguage\":\"en-GB\",\"potentialAction\":[{\"@type\":\"ReadAction\",\"target\":[\"https:\/\/www.hradsaris.sk\/%tribe_events-slug%\/valentin-na-hrade\/\"]}]},{\"@type\":\"ImageObject\",\"inLanguage\":\"en-GB\",\"@id\":\"https:\/\/www.hradsaris.sk\/%tribe_events-slug%\/valentin-na-hrade\/#primaryimage\",\"url\":\"\",\"contentUrl\":\"\"},{\"@type\":\"BreadcrumbList\",\"@id\":\"https:\/\/www.hradsaris.sk\/%tribe_events-slug%\/valentin-na-hrade\/#breadcrumb\",\"itemListElement\":[{\"@type\":\"ListItem\",\"position\":1,\"name\":\"Home\",\"item\":\"https:\/\/www.hradsaris.sk\/\"},{\"@type\":\"ListItem\",\"position\":2,\"name\":\"Udalosti\",\"item\":\"https:\/\/www.hradsaris.sk\/tribe_events\/\"},{\"@type\":\"ListItem\",\"position\":3,\"name\":\"Valent\u00ednska kladka l\u00e1sky na hrade\"}]},{\"@type\":\"WebSite\",\"@id\":\"https:\/\/www.hradsaris.sk\/#website\",\"url\":\"https:\/\/www.hradsaris.sk\/\",\"name\":\"Hrad \u0160ari\u0161\",\"description\":\"Historick\u00e9 srdce \u0160ari\u0161a\",\"potentialAction\":[{\"@type\":\"SearchAction\",\"target\":{\"@type\":\"EntryPoint\",\"urlTemplate\":\"https:\/\/www.hradsaris.sk\/?s={search_term_string}\"},\"query-input\":\"required name=search_term_string\"}],\"inLanguage\":\"en-GB\"}]}<\/script>\n<!-- \/ Yoast SEO plugin. -->","yoast_head_json":{"title":"Valent\u00ednska kladka l\u00e1sky na hrade","description":"Mil\u00ed n\u00e1v\u0161tevn\u00edci hradu, aj na tento kr\u00e1sny de\u0148, de\u0148 sv. Valent\u00edna, sme pre V\u00e1s pripravili mal\u00e9 podujatie, ktor\u00e9 m\u00f4\u017eete spoji\u0165 s\u00a0mal\u00fdm nede\u013en\u00fdm v\u00fdletom 11.2.2024 na hrad \u0160ari\u0161. Len v\u00a0tento de\u0148 spr\u00edstupnime miesta inak n\u00e1v\u0161tevn\u00edkom zamknut\u00e9, kde si m\u00f4\u017eete necha\u0165 svoju kladku, ako d\u00f4kaz priate\u013estva, l\u00e1sky k\u00a0svojim bl\u00edzkym a\u00a0milovan\u00fdm. D\u00fafame, \u017ee snehu bude dos\u0165 aj na&hellip;","robots":{"index":"index","follow":"follow","max-snippet":"max-snippet:-1","max-image-preview":"max-image-preview:large","max-video-preview":"max-video-preview:-1"},"canonical":"https:\/\/www.hradsaris.sk\/%tribe_events-slug%\/valentin-na-hrade\/","og_locale":"en_GB","og_type":"article","og_title":"Valent\u00ednska kladka l\u00e1sky na hrade","og_description":"Mil\u00ed n\u00e1v\u0161tevn\u00edci hradu, aj na tento kr\u00e1sny de\u0148, de\u0148 sv. Valent\u00edna, sme pre V\u00e1s pripravili mal\u00e9 podujatie, ktor\u00e9 m\u00f4\u017eete spoji\u0165 s\u00a0mal\u00fdm nede\u013en\u00fdm v\u00fdletom 11.2.2024 na hrad \u0160ari\u0161. Len v\u00a0tento de\u0148 spr\u00edstupnime miesta inak n\u00e1v\u0161tevn\u00edkom zamknut\u00e9, kde si m\u00f4\u017eete necha\u0165 svoju kladku, ako d\u00f4kaz priate\u013estva, l\u00e1sky k\u00a0svojim bl\u00edzkym a\u00a0milovan\u00fdm. D\u00fafame, \u017ee snehu bude dos\u0165 aj na&hellip;","og_url":"https:\/\/www.hradsaris.sk\/%tribe_events-slug%\/valentin-na-hrade\/","og_site_name":"Hrad \u0160ari\u0161","article_modified_time":"2024-01-29T16:26:17+00:00","og_image":[{"url":"https:\/\/www.hradsaris.sk\/wp-content\/uploads\/2024\/01\/plagat-valentinska-kladka-lasky-212x300.jpg"}],"twitter_card":"summary_large_image","twitter_misc":{"Estimated reading time":"1 minute"},"schema":{"@context":"https:\/\/schema.org","@graph":[{"@type":"WebPage","@id":"https:\/\/www.hradsaris.sk\/%tribe_events-slug%\/valentin-na-hrade\/","url":"https:\/\/www.hradsaris.sk\/%tribe_events-slug%\/valentin-na-hrade\/","name":"Valent\u00ednska kladka l\u00e1sky na hrade - Hrad \u0160ari\u0161","isPartOf":{"@id":"https:\/\/www.hradsaris.sk\/#website"},"primaryImageOfPage":{"@id":"https:\/\/www.hradsaris.sk\/%tribe_events-slug%\/valentin-na-hrade\/#primaryimage"},"image":{"@id":"https:\/\/www.hradsaris.sk\/%tribe_events-slug%\/valentin-na-hrade\/#primaryimage"},"thumbnailUrl":"https:\/\/www.hradsaris.sk\/wp-content\/uploads\/2024\/01\/plagat-valentinska-kladka-lasky-212x300.jpg","datePublished":"2024-01-28T18:34:41+00:00","dateModified":"2024-01-29T16:26:17+00:00","breadcrumb":{"@id":"https:\/\/www.hradsaris.sk\/%tribe_events-slug%\/valentin-na-hrade\/#breadcrumb"},"inLanguage":"en-GB","potentialAction":[{"@type":"ReadAction","target":["https:\/\/www.hradsaris.sk\/%tribe_events-slug%\/valentin-na-hrade\/"]}]},{"@type":"ImageObject","inLanguage":"en-GB","@id":"https:\/\/www.hradsaris.sk\/%tribe_events-slug%\/valentin-na-hrade\/#primaryimage","url":"","contentUrl":""},{"@type":"BreadcrumbList","@id":"https:\/\/www.hradsaris.sk\/%tribe_events-slug%\/valentin-na-hrade\/#breadcrumb","itemListElement":[{"@type":"ListItem","position":1,"name":"Home","item":"https:\/\/www.hradsaris.sk\/"},{"@type":"ListItem","position":2,"name":"Udalosti","item":"https:\/\/www.hradsaris.sk\/tribe_events\/"},{"@type":"ListItem","position":3,"name":"Valent\u00ednska kladka l\u00e1sky na hrade"}]},{"@type":"WebSite","@id":"https:\/\/www.hradsaris.sk\/#website","url":"https:\/\/www.hradsaris.sk\/","name":"Hrad \u0160ari\u0161","description":"Historick\u00e9 srdce \u0160ari\u0161a","potentialAction":[{"@type":"SearchAction","target":{"@type":"EntryPoint","urlTemplate":"https:\/\/www.hradsaris.sk\/?s={search_term_string}"},"query-input":"required name=search_term_string"}],"inLanguage":"en-GB"}]}},"_links":{"self":[{"href":"https:\/\/www.hradsaris.sk\/wp-json\/wp\/v2\/tribe_events\/33132"}],"collection":[{"href":"https:\/\/www.hradsaris.sk\/wp-json\/wp\/v2\/tribe_events"}],"about":[{"href":"https:\/\/www.hradsaris.sk\/wp-json\/wp\/v2\/types\/tribe_events"}],"author":[{"embeddable":true,"href":"https:\/\/www.hradsaris.sk\/wp-json\/wp\/v2\/users\/7"}],"replies":[{"embeddable":true,"href":"https:\/\/www.hradsaris.sk\/wp-json\/wp\/v2\/comments?post=33132"}],"version-history":[{"count":3,"href":"https:\/\/www.hradsaris.sk\/wp-json\/wp\/v2\/tribe_events\/33132\/revisions"}],"predecessor-version":[{"id":33139,"href":"https:\/\/www.hradsaris.sk\/wp-json\/wp\/v2\/tribe_events\/33132\/revisions\/33139"}],"wp:attachment":[{"href":"https:\/\/www.hradsaris.sk\/wp-json\/wp\/v2\/media?parent=33132"}],"wp:term":[{"taxonomy":"post_tag","embeddable":true,"href":"https:\/\/www.hradsaris.sk\/wp-json\/wp\/v2\/tags?post=33132"},{"taxonomy":"tribe_events_cat","embeddable":true,"href":"https:\/\/www.hradsaris.sk\/wp-json\/wp\/v2\/tribe_events_cat?post=33132"}],"curies":[{"name":"wp","href":"https:\/\/api.w.org\/{rel}","templated":true}]}}