{"id":32951,"date":"2023-08-08T19:45:34","date_gmt":"2023-08-08T19:45:34","guid":{"rendered":"https:\/\/www.hradsaris.sk\/tribe_events\/\/"},"modified":"2023-08-10T08:14:22","modified_gmt":"2023-08-10T08:14:22","slug":"divadelne-predstavenie-jano-hrach","status":"publish","type":"tribe_events","link":"https:\/\/www.hradsaris.sk\/%tribe_events-slug%\/divadelne-predstavenie-jano-hrach\/","title":{"rendered":"Divadeln\u00e9 predstavenie Jano Hrach"},"content":{"rendered":"<p><span style=\"font-family: arial, sans-serif;\">Srde\u010dne V\u00e1s poz\u00fdvame na detsk\u00e9 divadeln\u00e9 predstavenie na n\u00e1dvorie hradu 13.8.2023 o\u00a014,00 hod. Pripravili sme pre V\u00e1s komedi\u00e1lne predstavenie o dvoch trubad\u00faroch, potuln\u00fdch hercoch, ktor\u00ed sa sna\u017eia zahra\u0165 pr\u00edbeh o najv\u00e4\u010d\u0161om slovenskom hrdinovi Janovi Hrachovi. Obaja urobia v\u0161etko preto aby divadlo dohrali a\u017e k z\u00e1vere\u010dnej pesni\u010dke, ak nezabudn\u00fa na \u00favod. Ako sa zd\u00e1, ni\u010d \u0165a\u017e\u0161ie ako vyrozpr\u00e1va\u0165 jednoduch\u00fd, v\u0161etk\u00fdm zn\u00e1my pr\u00edbeh, nie je. Iba,\u00a0\u017ee by bolo. Predstavenie s pesni\u010dkami pre deti i dospel\u00fdch, v ktorom sa zbabre aj to \u010do zbabran\u00e9 u\u017e bolo<\/span>.<\/p>\n<p>Te\u0161\u00edme sa na V\u00e1s<\/p>\n","protected":false},"excerpt":{"rendered":"<p>Srde\u010dne V\u00e1s poz\u00fdvame na detsk\u00e9 divadeln\u00e9 predstavenie na n\u00e1dvorie hradu 13.8.2023 o\u00a014,00 hod. Pripravili sme pre V\u00e1s komedi\u00e1lne predstavenie o dvoch trubad\u00faroch, potuln\u00fdch hercoch, ktor\u00ed sa sna\u017eia zahra\u0165 pr\u00edbeh o<\/p>\n","protected":false},"author":7,"featured_media":0,"comment_status":"open","ping_status":"closed","template":"","meta":{"inline_featured_image":false,"_monsterinsights_skip_tracking":false,"_monsterinsights_sitenote_active":false,"_monsterinsights_sitenote_note":"","_monsterinsights_sitenote_category":0,"_tribe_events_status":"","_tribe_events_status_reason":""},"tags":[],"tribe_events_cat":[12],"yoast_head":"<!-- This site is optimized with the Yoast SEO plugin v22.6 - https:\/\/yoast.com\/wordpress\/plugins\/seo\/ -->\n<title>Divadeln\u00e9 predstavenie Jano Hrach<\/title>\n<meta name=\"description\" content=\"Srde\u010dne V\u00e1s poz\u00fdvame na detsk\u00e9 divadeln\u00e9 predstavenie na n\u00e1dvorie hradu 13.8.2023 o\u00a014,00 hod. Pripravili sme pre V\u00e1s komedi\u00e1lne predstavenie o dvoch trubad\u00faroch, potuln\u00fdch hercoch, ktor\u00ed sa sna\u017eia zahra\u0165 pr\u00edbeh o najv\u00e4\u010d\u0161om slovenskom hrdinovi Janovi Hrachovi. Obaja urobia v\u0161etko preto aby divadlo dohrali a\u017e k z\u00e1vere\u010dnej pesni\u010dke, ak nezabudn\u00fa na \u00favod. Ako sa zd\u00e1, ni\u010d \u0165a\u017e\u0161ie&hellip;\" \/>\n<meta name=\"robots\" content=\"index, follow, max-snippet:-1, max-image-preview:large, max-video-preview:-1\" \/>\n<link rel=\"canonical\" href=\"https:\/\/www.hradsaris.sk\/%tribe_events-slug%\/divadelne-predstavenie-jano-hrach\/\" \/>\n<meta property=\"og:locale\" content=\"en_GB\" \/>\n<meta property=\"og:type\" content=\"article\" \/>\n<meta property=\"og:title\" content=\"Divadeln\u00e9 predstavenie Jano Hrach\" \/>\n<meta property=\"og:description\" content=\"Srde\u010dne V\u00e1s poz\u00fdvame na detsk\u00e9 divadeln\u00e9 predstavenie na n\u00e1dvorie hradu 13.8.2023 o\u00a014,00 hod. Pripravili sme pre V\u00e1s komedi\u00e1lne predstavenie o dvoch trubad\u00faroch, potuln\u00fdch hercoch, ktor\u00ed sa sna\u017eia zahra\u0165 pr\u00edbeh o najv\u00e4\u010d\u0161om slovenskom hrdinovi Janovi Hrachovi. Obaja urobia v\u0161etko preto aby divadlo dohrali a\u017e k z\u00e1vere\u010dnej pesni\u010dke, ak nezabudn\u00fa na \u00favod. Ako sa zd\u00e1, ni\u010d \u0165a\u017e\u0161ie&hellip;\" \/>\n<meta property=\"og:url\" content=\"https:\/\/www.hradsaris.sk\/%tribe_events-slug%\/divadelne-predstavenie-jano-hrach\/\" \/>\n<meta property=\"og:site_name\" content=\"Hrad \u0160ari\u0161\" \/>\n<meta property=\"article:modified_time\" content=\"2023-08-10T08:14:22+00:00\" \/>\n<meta property=\"og:image\" content=\"https:\/\/www.hradsaris.sk\/wp-content\/uploads\/2023\/08\/plagat-Jano-hrach-upraveny-scaled-e1691655162509.jpg\" \/>\n\t<meta property=\"og:image:width\" content=\"1500\" \/>\n\t<meta property=\"og:image:height\" content=\"2122\" \/>\n\t<meta property=\"og:image:type\" content=\"image\/jpeg\" \/>\n<meta name=\"twitter:card\" content=\"summary_large_image\" \/>\n<meta name=\"twitter:label1\" content=\"Estimated reading time\" \/>\n\t<meta name=\"twitter:data1\" content=\"1 minute\" \/>\n<script type=\"application\/ld+json\" class=\"yoast-schema-graph\">{\"@context\":\"https:\/\/schema.org\",\"@graph\":[{\"@type\":\"WebPage\",\"@id\":\"https:\/\/www.hradsaris.sk\/%tribe_events-slug%\/divadelne-predstavenie-jano-hrach\/\",\"url\":\"https:\/\/www.hradsaris.sk\/%tribe_events-slug%\/divadelne-predstavenie-jano-hrach\/\",\"name\":\"Divadeln\u00e9 predstavenie Jano Hrach - Hrad \u0160ari\u0161\",\"isPartOf\":{\"@id\":\"https:\/\/www.hradsaris.sk\/#website\"},\"datePublished\":\"2023-08-08T19:45:34+00:00\",\"dateModified\":\"2023-08-10T08:14:22+00:00\",\"breadcrumb\":{\"@id\":\"https:\/\/www.hradsaris.sk\/%tribe_events-slug%\/divadelne-predstavenie-jano-hrach\/#breadcrumb\"},\"inLanguage\":\"en-GB\",\"potentialAction\":[{\"@type\":\"ReadAction\",\"target\":[\"https:\/\/www.hradsaris.sk\/%tribe_events-slug%\/divadelne-predstavenie-jano-hrach\/\"]}]},{\"@type\":\"BreadcrumbList\",\"@id\":\"https:\/\/www.hradsaris.sk\/%tribe_events-slug%\/divadelne-predstavenie-jano-hrach\/#breadcrumb\",\"itemListElement\":[{\"@type\":\"ListItem\",\"position\":1,\"name\":\"Home\",\"item\":\"https:\/\/www.hradsaris.sk\/\"},{\"@type\":\"ListItem\",\"position\":2,\"name\":\"Udalosti\",\"item\":\"https:\/\/www.hradsaris.sk\/tribe_events\/\"},{\"@type\":\"ListItem\",\"position\":3,\"name\":\"Divadeln\u00e9 predstavenie Jano Hrach\"}]},{\"@type\":\"WebSite\",\"@id\":\"https:\/\/www.hradsaris.sk\/#website\",\"url\":\"https:\/\/www.hradsaris.sk\/\",\"name\":\"Hrad \u0160ari\u0161\",\"description\":\"Historick\u00e9 srdce \u0160ari\u0161a\",\"potentialAction\":[{\"@type\":\"SearchAction\",\"target\":{\"@type\":\"EntryPoint\",\"urlTemplate\":\"https:\/\/www.hradsaris.sk\/?s={search_term_string}\"},\"query-input\":\"required name=search_term_string\"}],\"inLanguage\":\"en-GB\"}]}<\/script>\n<!-- \/ Yoast SEO plugin. -->","yoast_head_json":{"title":"Divadeln\u00e9 predstavenie Jano Hrach","description":"Srde\u010dne V\u00e1s poz\u00fdvame na detsk\u00e9 divadeln\u00e9 predstavenie na n\u00e1dvorie hradu 13.8.2023 o\u00a014,00 hod. Pripravili sme pre V\u00e1s komedi\u00e1lne predstavenie o dvoch trubad\u00faroch, potuln\u00fdch hercoch, ktor\u00ed sa sna\u017eia zahra\u0165 pr\u00edbeh o najv\u00e4\u010d\u0161om slovenskom hrdinovi Janovi Hrachovi. Obaja urobia v\u0161etko preto aby divadlo dohrali a\u017e k z\u00e1vere\u010dnej pesni\u010dke, ak nezabudn\u00fa na \u00favod. Ako sa zd\u00e1, ni\u010d \u0165a\u017e\u0161ie&hellip;","robots":{"index":"index","follow":"follow","max-snippet":"max-snippet:-1","max-image-preview":"max-image-preview:large","max-video-preview":"max-video-preview:-1"},"canonical":"https:\/\/www.hradsaris.sk\/%tribe_events-slug%\/divadelne-predstavenie-jano-hrach\/","og_locale":"en_GB","og_type":"article","og_title":"Divadeln\u00e9 predstavenie Jano Hrach","og_description":"Srde\u010dne V\u00e1s poz\u00fdvame na detsk\u00e9 divadeln\u00e9 predstavenie na n\u00e1dvorie hradu 13.8.2023 o\u00a014,00 hod. Pripravili sme pre V\u00e1s komedi\u00e1lne predstavenie o dvoch trubad\u00faroch, potuln\u00fdch hercoch, ktor\u00ed sa sna\u017eia zahra\u0165 pr\u00edbeh o najv\u00e4\u010d\u0161om slovenskom hrdinovi Janovi Hrachovi. Obaja urobia v\u0161etko preto aby divadlo dohrali a\u017e k z\u00e1vere\u010dnej pesni\u010dke, ak nezabudn\u00fa na \u00favod. Ako sa zd\u00e1, ni\u010d \u0165a\u017e\u0161ie&hellip;","og_url":"https:\/\/www.hradsaris.sk\/%tribe_events-slug%\/divadelne-predstavenie-jano-hrach\/","og_site_name":"Hrad \u0160ari\u0161","article_modified_time":"2023-08-10T08:14:22+00:00","og_image":[{"width":1500,"height":2122,"url":"https:\/\/www.hradsaris.sk\/wp-content\/uploads\/2023\/08\/plagat-Jano-hrach-upraveny-scaled-e1691655162509.jpg","type":"image\/jpeg"}],"twitter_card":"summary_large_image","twitter_misc":{"Estimated reading time":"1 minute"},"schema":{"@context":"https:\/\/schema.org","@graph":[{"@type":"WebPage","@id":"https:\/\/www.hradsaris.sk\/%tribe_events-slug%\/divadelne-predstavenie-jano-hrach\/","url":"https:\/\/www.hradsaris.sk\/%tribe_events-slug%\/divadelne-predstavenie-jano-hrach\/","name":"Divadeln\u00e9 predstavenie Jano Hrach - Hrad \u0160ari\u0161","isPartOf":{"@id":"https:\/\/www.hradsaris.sk\/#website"},"datePublished":"2023-08-08T19:45:34+00:00","dateModified":"2023-08-10T08:14:22+00:00","breadcrumb":{"@id":"https:\/\/www.hradsaris.sk\/%tribe_events-slug%\/divadelne-predstavenie-jano-hrach\/#breadcrumb"},"inLanguage":"en-GB","potentialAction":[{"@type":"ReadAction","target":["https:\/\/www.hradsaris.sk\/%tribe_events-slug%\/divadelne-predstavenie-jano-hrach\/"]}]},{"@type":"BreadcrumbList","@id":"https:\/\/www.hradsaris.sk\/%tribe_events-slug%\/divadelne-predstavenie-jano-hrach\/#breadcrumb","itemListElement":[{"@type":"ListItem","position":1,"name":"Home","item":"https:\/\/www.hradsaris.sk\/"},{"@type":"ListItem","position":2,"name":"Udalosti","item":"https:\/\/www.hradsaris.sk\/tribe_events\/"},{"@type":"ListItem","position":3,"name":"Divadeln\u00e9 predstavenie Jano Hrach"}]},{"@type":"WebSite","@id":"https:\/\/www.hradsaris.sk\/#website","url":"https:\/\/www.hradsaris.sk\/","name":"Hrad \u0160ari\u0161","description":"Historick\u00e9 srdce \u0160ari\u0161a","potentialAction":[{"@type":"SearchAction","target":{"@type":"EntryPoint","urlTemplate":"https:\/\/www.hradsaris.sk\/?s={search_term_string}"},"query-input":"required name=search_term_string"}],"inLanguage":"en-GB"}]}},"_links":{"self":[{"href":"https:\/\/www.hradsaris.sk\/wp-json\/wp\/v2\/tribe_events\/32951"}],"collection":[{"href":"https:\/\/www.hradsaris.sk\/wp-json\/wp\/v2\/tribe_events"}],"about":[{"href":"https:\/\/www.hradsaris.sk\/wp-json\/wp\/v2\/types\/tribe_events"}],"author":[{"embeddable":true,"href":"https:\/\/www.hradsaris.sk\/wp-json\/wp\/v2\/users\/7"}],"replies":[{"embeddable":true,"href":"https:\/\/www.hradsaris.sk\/wp-json\/wp\/v2\/comments?post=32951"}],"version-history":[{"count":2,"href":"https:\/\/www.hradsaris.sk\/wp-json\/wp\/v2\/tribe_events\/32951\/revisions"}],"predecessor-version":[{"id":32956,"href":"https:\/\/www.hradsaris.sk\/wp-json\/wp\/v2\/tribe_events\/32951\/revisions\/32956"}],"wp:attachment":[{"href":"https:\/\/www.hradsaris.sk\/wp-json\/wp\/v2\/media?parent=32951"}],"wp:term":[{"taxonomy":"post_tag","embeddable":true,"href":"https:\/\/www.hradsaris.sk\/wp-json\/wp\/v2\/tags?post=32951"},{"taxonomy":"tribe_events_cat","embeddable":true,"href":"https:\/\/www.hradsaris.sk\/wp-json\/wp\/v2\/tribe_events_cat?post=32951"}],"curies":[{"name":"wp","href":"https:\/\/api.w.org\/{rel}","templated":true}]}}