{"id":32563,"date":"2022-08-01T12:14:58","date_gmt":"2022-08-01T12:14:58","guid":{"rendered":"https:\/\/www.hradsaris.sk\/?page_id=32563"},"modified":"2022-09-12T10:05:44","modified_gmt":"2022-09-12T10:05:44","slug":"ochrana-prirody","status":"publish","type":"page","link":"https:\/\/www.hradsaris.sk\/ochrana-prirody\/","title":{"rendered":"Ochrana pr\u00edrody"},"content":{"rendered":"<p>[vc_row full_width=&#8221;stretch_row&#8221; content_placement=&#8221;middle&#8221; first_background_color=&#8221;#f3f3f3&#8243; css=&#8221;.vc_custom_1654860649923{background-color: #ffffff !important;}&#8221;][vc_column][vc_row_inner equal_height=&#8221;yes&#8221; css=&#8221;.vc_custom_1662976939903{margin-top: -80px !important;background-color: #ffffff !important;}&#8221; el_class=&#8221;inside-business&#8221;][vc_column_inner el_class=&#8221;uvod-podstranky&#8221; width=&#8221;1\/6&#8243; css=&#8221;.vc_custom_1662976948392{background-color: #ffffff !important;}&#8221; offset=&#8221;vc_col-xs-6&#8243;][vc_icon icon_fontawesome=&#8221;far fa-clock&#8221; color=&#8221;custom&#8221; size=&#8221;xl&#8221; align=&#8221;center&#8221; custom_color=&#8221;#ef7204&#8243; link=&#8221;url:https%3A%2F%2Fwww.hradsaris.sk%2Fotvaracia-doba%2F|title:Otv%C3%A1racia%20doba&#8221;][vc_empty_space height=&#8221;15px&#8221;][vc_custom_heading text=&#8221;Otv\u00e1racie hodiny&#8221; font_container=&#8221;tag:h2|font_size:15pt|text_align:center&#8221; use_theme_fonts=&#8221;yes&#8221; link=&#8221;url:https%3A%2F%2Fwww.hradsaris.sk%2Fotvaracia-doba%2F|title:Otv%C3%A1racia%20doba&#8221;][vc_empty_space height=&#8221;15px&#8221;][\/vc_column_inner][vc_column_inner width=&#8221;1\/6&#8243; offset=&#8221;vc_col-xs-6&#8243;][vc_icon icon_fontawesome=&#8221;fas fa-ticket-alt&#8221; color=&#8221;custom&#8221; size=&#8221;xl&#8221; align=&#8221;center&#8221; custom_color=&#8221;#ef7204&#8243; link=&#8221;url:https%3A%2F%2Fwww.hradsaris.sk%2Fvstupne%2F|title:Otv%C3%A1racia%20doba&#8221;][vc_empty_space height=&#8221;15px&#8221;][vc_custom_heading text=&#8221;Vstupenky&#8221; font_container=&#8221;tag:h2|font_size:15pt|text_align:center&#8221; use_theme_fonts=&#8221;yes&#8221;][vc_empty_space height=&#8221;15px&#8221;][\/vc_column_inner][vc_column_inner width=&#8221;1\/6&#8243; offset=&#8221;vc_col-xs-6&#8243;][vc_icon icon_fontawesome=&#8221;fas fa-university&#8221; color=&#8221;custom&#8221; size=&#8221;xl&#8221; align=&#8221;center&#8221; custom_color=&#8221;#ef7204&#8243; link=&#8221;url:https%3A%2F%2Fwww.hradsaris.sk%2Fsprievodcovska-sluzba%2F|title:Sprievodcovsk%C3%A1%20slu%C5%BEba&#8221;][vc_empty_space height=&#8221;15px&#8221;][vc_custom_heading text=&#8221;Sprievodcovsk\u00e9 slu\u017eby&#8221; font_container=&#8221;tag:h2|font_size:15pt|text_align:center&#8221; use_theme_fonts=&#8221;yes&#8221; link=&#8221;url:https%3A%2F%2Fwww.hradsaris.sk%2Fsprievodcovska-sluzba%2F|title:Sprievodcovsk%C3%A1%20slu%C5%BEba&#8221;][vc_empty_space height=&#8221;15px&#8221;][\/vc_column_inner][vc_column_inner width=&#8221;1\/6&#8243; offset=&#8221;vc_col-xs-6&#8243;][vc_icon icon_fontawesome=&#8221;fab fa-fort-awesome&#8221; color=&#8221;custom&#8221; size=&#8221;xl&#8221; align=&#8221;center&#8221; custom_color=&#8221;#ef7204&#8243; link=&#8221;url:https%3A%2F%2Fwww.hradsaris.sk%2Fhradne-objekty%2F|title:Hradn%C3%A9%20objekty&#8221;][vc_empty_space height=&#8221;15px&#8221;][vc_custom_heading text=&#8221;Hradn\u00e9 objekty&#8221; font_container=&#8221;tag:h2|font_size:15pt|text_align:center&#8221; use_theme_fonts=&#8221;yes&#8221; link=&#8221;url:https%3A%2F%2Fwww.hradsaris.sk%2Fhradne-objekty%2F|title:Sprievodcovsk%C3%A1%20slu%C5%BEba&#8221;][vc_empty_space height=&#8221;15px&#8221;][\/vc_column_inner][vc_column_inner width=&#8221;1\/6&#8243; offset=&#8221;vc_col-xs-6&#8243;][vc_icon icon_fontawesome=&#8221;fas fa-chess-knight&#8221; color=&#8221;custom&#8221; size=&#8221;xl&#8221; align=&#8221;center&#8221; custom_color=&#8221;#ef7204&#8243; link=&#8221;url:https%3A%2F%2Fwww.hradsaris.sk%2Fhradne-objekty%2F|title:Hradn%C3%A9%20objekty&#8221;][vc_empty_space height=&#8221;15px&#8221;][vc_custom_heading text=&#8221;Hist\u00f3ria&#8221; font_container=&#8221;tag:h2|font_size:15pt|text_align:center&#8221; use_theme_fonts=&#8221;yes&#8221;][vc_empty_space height=&#8221;15px&#8221;][\/vc_column_inner][vc_column_inner width=&#8221;1\/6&#8243; offset=&#8221;vc_col-xs-6&#8243;][vc_icon icon_fontawesome=&#8221;fas fa-theater-masks&#8221; color=&#8221;custom&#8221; size=&#8221;xl&#8221; align=&#8221;center&#8221; custom_color=&#8221;#ef7204&#8243;][vc_empty_space height=&#8221;15px&#8221;][vc_custom_heading text=&#8221;Kult\u00fara&#8221; font_container=&#8221;tag:h2|font_size:15pt|text_align:center&#8221; use_theme_fonts=&#8221;yes&#8221;][vc_empty_space height=&#8221;15px&#8221;][\/vc_column_inner][\/vc_row_inner][\/vc_column][\/vc_row][vc_section][vc_row][vc_column][vc_empty_space height=&#8221;52px&#8221;][vc_custom_heading text=&#8221;N\u00e1rodn\u00e1 pr\u00edrodn\u00e1 rezerv\u00e1cia&#8221; font_container=&#8221;tag:h2|text_align:center&#8221;][vc_custom_heading text=&#8221;\u0160ari\u0161sk\u00fd hradn\u00fd vrch&#8221; font_container=&#8221;tag:h3|text_align:center&#8221;][vc_empty_space][vc_column_text]<\/p>\n<p style=\"text-align: center;\"><strong>Chr\u00e1nen\u00e9 \u00fazemie vyhl\u00e1sen\u00e9 v roku 1964 na \u00fazem\u00ed v\u00fdrazn\u00e9ho izolovan\u00e9ho vulkanick\u00e9ho \u0160ari\u0161sk\u00e9ho vrchu nad Ve\u013ek\u00fdm \u0160ari\u0161om.<\/strong> Toto \u00fazemie je v\u00fdznamnou fytogeografickou lokalitou v\u00a0severoz\u00e1padnej \u010dasti \u0160ari\u0161skej vrchoviny. Kopec je v\u00fdznamn\u00fd geomorfologick\u00fd \u00fatvar tvoren\u00fd mladotre\u0165ohorn\u00fdmi amfibolick\u00fdmo-pyroxenick\u00fdmi andezitmi a\u00a0gran\u00e1tom. Kopec m\u00e1 \u00a0nadmorsk\u00fa v\u00fd\u0161ku 570 m.n.m.. T\u00fato rezerv\u00e1ciu tvor\u00ed hlavne les, chrann\u00e9 p\u00e1smo siaha a\u017e na pri\u013eahl\u00e9 pasienky a sady . Na tomto \u00fazem\u00ed prevl\u00e1daj\u00fa trojf\u00e1zov\u00e9 hned\u00e9 lesn\u00e9 p\u00f4dy. Z\u00a0klimatick\u00e9ho h\u013eadiska sa za\u010dle\u0148uje<span class=\"Apple-converted-space\">\u00a0 <\/span>medzi mierne tepl\u00e9 oblasti s\u00a0priemern\u00fdmi ro\u010dn\u00fdmi zr\u00e1\u017ekami 650-850mm. \u0160ari\u0161sk\u00fd hradn\u00fd vrch bol d\u00f4le\u017eitou migra\u010dnou cestou na prenikanie teplomilnej veget\u00e1cie z\u00a0juhu. D\u00e1va obvodov\u00fdm \u010dastiam hradn\u00e9ho vrchu teplomiln\u00fd r\u00e1z. Na formovanie a\u00a0charakter tejto veget\u00e1cie<span class=\"Apple-converted-space\">\u00a0 <\/span>m\u00e1 ve\u013ek\u00fd vplyv Hlavne:<\/p>\n<p style=\"text-align: center;\">-fytogeografic\u00e9 postavenie \u2013 nach\u00e1dza sa v\u00a0porie\u010dnej oblasti rieky Tprysa. T\u00e1 bola d\u00f4le\u017eit\u00e1 na prenikanie teplomiln\u00e9ho rastlinstva z\u00a0juhu.<\/p>\n<p style=\"text-align: center;\">-konfigur\u00e1cia ter\u00e9nu \u2013 ide o\u00a0izolovan\u00fd kopec, ktor\u00fd je celodenne vystaven\u00fd p\u00f4sobeniu d\u00f4le\u017eit\u00fdch ekologick\u00fdch faktorov ako svetlo, teplo.<span class=\"Apple-converted-space\">\u00a0<\/span><\/p>\n<p style=\"text-align: center;\">O\u00a0toto \u00fazemie prejavili z\u00e1ujem botanici u\u017e v\u00a0prvej polovici 19.storo\u010dia. Pr\u00e1ve tu bol op\u00edsan\u00fd nov\u00fd druh slovenskej fl\u00f3ry \u010fateliny \u2013 \u010fatelina \u0161ari\u0161sk\u00e1 \/<i>Trifolium sarosienze\/, <\/i>ako charakteristick\u00fd druh teplomiln\u00fdch dubov\u00fdch lesov. Pr\u00e1ve t\u00e1to rastlina je spojen\u00e1<span class=\"Apple-converted-space\">\u00a0 <\/span>s\u00a0menom zn\u00e1meho botanika F. Hazslinszk\u00e9ho (1818-1896) Botanik M\u00e1jovsk\u00fd pri \u0161t\u00fadiu teplomilnej veget\u00e1cie hradn\u00e9ho vrchu upozornil na ve\u013emi vz\u00e1cny v\u00fdskyt kosatca tr\u00e1volist\u00e9ho \/<i>Iris graminea\/, <\/i>Medzi \u010fal\u0161ie vz\u00e1cne rastliny, ktor\u00e9 sa e\u0161te aj teraz nach\u00e1dzaj\u00fa na hradnom vrchu patr\u00ed \u013ealia zlatohlav\u00e1<i> \/Lilium martagon\/<\/i>, hrachor chlpat\u00fd \/<i>Lathyrus hisulus\/ <\/i>a\u00a0\u010diato\u010dne chr\u00e1nen\u00e1 zimozele\u0148 men\u0161ia<i> \/Vinca minor\/. <\/i>Za po\u0161kodenie, odtrhnutie, za\u0161liapnutie t\u00fdchto rastl\u00edn hroz\u00ed vysok\u00e1 pokuta. Rozloha hradn\u00e9ho vrchu je cca 4,5ha. Rezerv\u00e1cia patr\u00ed medzi najstar\u0161ie maloplo\u0161n\u00e9 chr\u00e1nen\u00e9 \u00fazemia Pre\u0161ovsk\u00e9ho kraja.<\/p>\n<p>[\/vc_column_text][vc_empty_space][vc_gallery type=&#8221;image_grid&#8221; images=&#8221;32726,32727,32728,32730,32731,32732,32733,32734&#8243;][vc_empty_space][\/vc_column][\/vc_row][\/vc_section][vc_row full_width=&#8221;stretch_row_content&#8221; content_placement=&#8221;middle&#8221; first_background_color=&#8221;#f3f3f3&#8243; css=&#8221;.vc_custom_1654864657405{background-color: #ffffff !important;}&#8221;][vc_column][vc_empty_space height=&#8221;92px&#8221;][vc_row_inner equal_height=&#8221;yes&#8221; css=&#8221;.vc_custom_1662976991988{margin-top: -80px !important;background-color: #ffffff !important;}&#8221; el_class=&#8221;inside-business&#8221;][vc_column_inner el_class=&#8221;uvod-podstranky&#8221; width=&#8221;1\/6&#8243; css=&#8221;.vc_custom_1662976999617{background-color: #ffffff !important;}&#8221; offset=&#8221;vc_col-xs-6&#8243;][vc_icon icon_fontawesome=&#8221;fas fa-car&#8221; color=&#8221;custom&#8221; size=&#8221;lg&#8221; align=&#8221;center&#8221; custom_color=&#8221;#ef7204&#8243; link=&#8221;url:https%3A%2F%2Fwww.hradsaris.sk%2Fdostupnost%2F|title:Dostupnos%C5%A5&#8243;][vc_empty_space height=&#8221;15px&#8221;][vc_custom_heading text=&#8221;Dostupnos\u0165&#8221; font_container=&#8221;tag:h2|font_size:15pt|text_align:center&#8221; use_theme_fonts=&#8221;yes&#8221; link=&#8221;url:https%3A%2F%2Fwww.hradsaris.sk%2Fdostupnost%2F|title:Dostupnos%C5%A5&#8243;][vc_empty_space height=&#8221;15px&#8221;][\/vc_column_inner][vc_column_inner width=&#8221;1\/6&#8243; css=&#8221;.vc_custom_1659356074602{background-color: #ef7204 !important;}&#8221;][vc_icon icon_fontawesome=&#8221;fas fa-leaf&#8221; color=&#8221;custom&#8221; size=&#8221;xl&#8221; align=&#8221;center&#8221; custom_color=&#8221;#ffffff&#8221; link=&#8221;url:https%3A%2F%2Fwww.hradsaris.sk%2Fochrana-prirody%2F|title:Ochrana%20pr%C3%ADrody&#8221;][vc_empty_space height=&#8221;15px&#8221;][vc_custom_heading text=&#8221;Ochrana pr\u00edrody&#8221; font_container=&#8221;tag:h2|font_size:15pt|text_align:center|color:%23ffffff&#8221; use_theme_fonts=&#8221;yes&#8221; link=&#8221;url:https%3A%2F%2Fwww.hradsaris.sk%2Fochrana-prirody%2F|title:Ochrana%20pr%C3%ADrody&#8221;][vc_empty_space height=&#8221;15px&#8221;][\/vc_column_inner][vc_column_inner width=&#8221;1\/6&#8243; offset=&#8221;vc_col-xs-6&#8243;][vc_icon icon_fontawesome=&#8221;fas fa-mountain&#8221; color=&#8221;custom&#8221; size=&#8221;xl&#8221; align=&#8221;center&#8221; custom_color=&#8221;#ef7204&#8243; link=&#8221;url:https%3A%2F%2Fwww.hradsaris.sk%2Fhradny-vrch%2F|title:Hradn%C3%BD%20vrch&#8221;][vc_empty_space height=&#8221;15px&#8221;][vc_custom_heading text=&#8221;Hradn\u00fd vrch&#8221; font_container=&#8221;tag:h2|font_size:15pt|text_align:center&#8221; use_theme_fonts=&#8221;yes&#8221;][vc_empty_space height=&#8221;15px&#8221;][\/vc_column_inner][vc_column_inner width=&#8221;1\/6&#8243; offset=&#8221;vc_col-xs-6&#8243;][vc_icon icon_fontawesome=&#8221;fas fa-building&#8221; color=&#8221;custom&#8221; size=&#8221;xl&#8221; align=&#8221;center&#8221; custom_color=&#8221;#ef7204&#8243; link=&#8221;url:https%3A%2F%2Fwww.hradsaris.sk%2Fponuka-pre-firmy%2F|title:Ponuka%20pre%20firmy&#8221;][vc_empty_space height=&#8221;15px&#8221;][vc_custom_heading text=&#8221;Pre firmy&#8221; font_container=&#8221;tag:h2|font_size:15pt|text_align:center&#8221; use_theme_fonts=&#8221;yes&#8221;][vc_empty_space height=&#8221;15px&#8221;][\/vc_column_inner][vc_column_inner width=&#8221;1\/6&#8243; offset=&#8221;vc_col-xs-6&#8243;][vc_icon icon_fontawesome=&#8221;fas fa-handshake&#8221; color=&#8221;custom&#8221; size=&#8221;xl&#8221; align=&#8221;center&#8221; custom_color=&#8221;#ef7204&#8243; link=&#8221;url:https%3A%2F%2Fwww.hradsaris.sk%2Fponuka-pre-firmy%2F|title:Ponuka%20pre%20firmy&#8221;][vc_empty_space height=&#8221;15px&#8221;][vc_custom_heading text=&#8221;Sta\u0148te sa partnerom&#8221; font_container=&#8221;tag:h2|font_size:15pt|text_align:center&#8221; use_theme_fonts=&#8221;yes&#8221;][vc_empty_space height=&#8221;15px&#8221;][\/vc_column_inner][vc_column_inner width=&#8221;1\/6&#8243; offset=&#8221;vc_col-xs-6&#8243;][vc_icon icon_fontawesome=&#8221;fas fa-chess&#8221; color=&#8221;custom&#8221; size=&#8221;xl&#8221; align=&#8221;center&#8221; custom_color=&#8221;#ef7204&#8243; link=&#8221;url:https%3A%2F%2Fwww.hradsaris.sk%2Faktivity%2F|title:Aktivity&#8221;][vc_empty_space height=&#8221;15px&#8221;][vc_custom_heading text=&#8221;Aktivity na hrade&#8221; font_container=&#8221;tag:h2|font_size:15pt|text_align:center&#8221; use_theme_fonts=&#8221;yes&#8221;][vc_empty_space height=&#8221;15px&#8221;][\/vc_column_inner][\/vc_row_inner][\/vc_column][\/vc_row]<\/p>\n","protected":false},"excerpt":{"rendered":"<p>[vc_row full_width=&#8221;stretch_row&#8221; content_placement=&#8221;middle&#8221; first_background_color=&#8221;#f3f3f3&#8243; css=&#8221;.vc_custom_1654860649923{background-color: #ffffff !important;}&#8221;][vc_column][vc_row_inner equal_height=&#8221;yes&#8221; css=&#8221;.vc_custom_1662976939903{margin-top: -80px !important;background-color: #ffffff !important;}&#8221; el_class=&#8221;inside-business&#8221;][vc_column_inner el_class=&#8221;uvod-podstranky&#8221; width=&#8221;1\/6&#8243; css=&#8221;.vc_custom_1662976948392{background-color: #ffffff !important;}&#8221; offset=&#8221;vc_col-xs-6&#8243;][vc_icon icon_fontawesome=&#8221;far fa-clock&#8221; color=&#8221;custom&#8221; size=&#8221;xl&#8221; align=&#8221;center&#8221; custom_color=&#8221;#ef7204&#8243; link=&#8221;url:https%3A%2F%2Fwww.hradsaris.sk%2Fotvaracia-doba%2F|title:Otv%C3%A1racia%20doba&#8221;][vc_empty_space height=&#8221;15px&#8221;][vc_custom_heading text=&#8221;Otv\u00e1racie hodiny&#8221;<\/p>\n","protected":false},"author":1,"featured_media":0,"parent":0,"menu_order":0,"comment_status":"closed","ping_status":"closed","template":"","meta":{"inline_featured_image":false,"_monsterinsights_skip_tracking":false,"_monsterinsights_sitenote_active":false,"_monsterinsights_sitenote_note":"","_monsterinsights_sitenote_category":0,"footnotes":""},"yoast_head":"<!-- This site is optimized with the Yoast SEO plugin v22.6 - https:\/\/yoast.com\/wordpress\/plugins\/seo\/ -->\n<title>Ochrana pr\u00edrody<\/title>\n<meta name=\"description\" content=\"N\u00e1rodn\u00e1 pr\u00edrodn\u00e1 rezerv\u00e1cia \u0160ari\u0161sk\u00fd hradn\u00fd vrch sa nach\u00e1dza v\u00a0katastri obce Ve\u013ek\u00fd \u0160ari\u0161. Tu m\u00f4\u017eete spozna\u0165 cel\u00fa jeho faunu a\u00a0fl\u00f3ru.\" \/>\n<meta name=\"robots\" content=\"index, follow, max-snippet:-1, max-image-preview:large, max-video-preview:-1\" \/>\n<link rel=\"canonical\" href=\"https:\/\/www.hradsaris.sk\/ochrana-prirody\/\" \/>\n<meta property=\"og:locale\" content=\"en_GB\" \/>\n<meta property=\"og:type\" content=\"article\" \/>\n<meta property=\"og:title\" content=\"Ochrana pr\u00edrody\" \/>\n<meta property=\"og:description\" content=\"N\u00e1rodn\u00e1 pr\u00edrodn\u00e1 rezerv\u00e1cia \u0160ari\u0161sk\u00fd hradn\u00fd vrch sa nach\u00e1dza v\u00a0katastri obce Ve\u013ek\u00fd \u0160ari\u0161. Tu m\u00f4\u017eete spozna\u0165 cel\u00fa jeho faunu a\u00a0fl\u00f3ru.\" \/>\n<meta property=\"og:url\" content=\"https:\/\/www.hradsaris.sk\/ochrana-prirody\/\" \/>\n<meta property=\"og:site_name\" content=\"Hrad \u0160ari\u0161\" \/>\n<meta property=\"article:modified_time\" content=\"2022-09-12T10:05:44+00:00\" \/>\n<meta name=\"twitter:card\" content=\"summary_large_image\" \/>\n<meta name=\"twitter:label1\" content=\"Estimated reading time\" \/>\n\t<meta name=\"twitter:data1\" content=\"3 minutes\" \/>\n<script type=\"application\/ld+json\" class=\"yoast-schema-graph\">{\"@context\":\"https:\/\/schema.org\",\"@graph\":[{\"@type\":\"WebPage\",\"@id\":\"https:\/\/www.hradsaris.sk\/ochrana-prirody\/\",\"url\":\"https:\/\/www.hradsaris.sk\/ochrana-prirody\/\",\"name\":\"Ochrana pr\u00edrody - Hrad \u0160ari\u0161\",\"isPartOf\":{\"@id\":\"https:\/\/www.hradsaris.sk\/#website\"},\"datePublished\":\"2022-08-01T12:14:58+00:00\",\"dateModified\":\"2022-09-12T10:05:44+00:00\",\"description\":\"N\u00e1rodn\u00e1 pr\u00edrodn\u00e1 rezerv\u00e1cia \u0160ari\u0161sk\u00fd hradn\u00fd vrch sa nach\u00e1dza v\u00a0katastri obce Ve\u013ek\u00fd \u0160ari\u0161. Tu m\u00f4\u017eete spozna\u0165 cel\u00fa jeho faunu a\u00a0fl\u00f3ru.\",\"breadcrumb\":{\"@id\":\"https:\/\/www.hradsaris.sk\/ochrana-prirody\/#breadcrumb\"},\"inLanguage\":\"en-GB\",\"potentialAction\":[{\"@type\":\"ReadAction\",\"target\":[\"https:\/\/www.hradsaris.sk\/ochrana-prirody\/\"]}]},{\"@type\":\"BreadcrumbList\",\"@id\":\"https:\/\/www.hradsaris.sk\/ochrana-prirody\/#breadcrumb\",\"itemListElement\":[{\"@type\":\"ListItem\",\"position\":1,\"name\":\"Home\",\"item\":\"https:\/\/www.hradsaris.sk\/\"},{\"@type\":\"ListItem\",\"position\":2,\"name\":\"Ochrana pr\u00edrody\"}]},{\"@type\":\"WebSite\",\"@id\":\"https:\/\/www.hradsaris.sk\/#website\",\"url\":\"https:\/\/www.hradsaris.sk\/\",\"name\":\"Hrad \u0160ari\u0161\",\"description\":\"Historick\u00e9 srdce \u0160ari\u0161a\",\"potentialAction\":[{\"@type\":\"SearchAction\",\"target\":{\"@type\":\"EntryPoint\",\"urlTemplate\":\"https:\/\/www.hradsaris.sk\/?s={search_term_string}\"},\"query-input\":\"required name=search_term_string\"}],\"inLanguage\":\"en-GB\"}]}<\/script>\n<!-- \/ Yoast SEO plugin. -->","yoast_head_json":{"title":"Ochrana pr\u00edrody","description":"N\u00e1rodn\u00e1 pr\u00edrodn\u00e1 rezerv\u00e1cia \u0160ari\u0161sk\u00fd hradn\u00fd vrch sa nach\u00e1dza v\u00a0katastri obce Ve\u013ek\u00fd \u0160ari\u0161. Tu m\u00f4\u017eete spozna\u0165 cel\u00fa jeho faunu a\u00a0fl\u00f3ru.","robots":{"index":"index","follow":"follow","max-snippet":"max-snippet:-1","max-image-preview":"max-image-preview:large","max-video-preview":"max-video-preview:-1"},"canonical":"https:\/\/www.hradsaris.sk\/ochrana-prirody\/","og_locale":"en_GB","og_type":"article","og_title":"Ochrana pr\u00edrody","og_description":"N\u00e1rodn\u00e1 pr\u00edrodn\u00e1 rezerv\u00e1cia \u0160ari\u0161sk\u00fd hradn\u00fd vrch sa nach\u00e1dza v\u00a0katastri obce Ve\u013ek\u00fd \u0160ari\u0161. Tu m\u00f4\u017eete spozna\u0165 cel\u00fa jeho faunu a\u00a0fl\u00f3ru.","og_url":"https:\/\/www.hradsaris.sk\/ochrana-prirody\/","og_site_name":"Hrad \u0160ari\u0161","article_modified_time":"2022-09-12T10:05:44+00:00","twitter_card":"summary_large_image","twitter_misc":{"Estimated reading time":"3 minutes"},"schema":{"@context":"https:\/\/schema.org","@graph":[{"@type":"WebPage","@id":"https:\/\/www.hradsaris.sk\/ochrana-prirody\/","url":"https:\/\/www.hradsaris.sk\/ochrana-prirody\/","name":"Ochrana pr\u00edrody - Hrad \u0160ari\u0161","isPartOf":{"@id":"https:\/\/www.hradsaris.sk\/#website"},"datePublished":"2022-08-01T12:14:58+00:00","dateModified":"2022-09-12T10:05:44+00:00","description":"N\u00e1rodn\u00e1 pr\u00edrodn\u00e1 rezerv\u00e1cia \u0160ari\u0161sk\u00fd hradn\u00fd vrch sa nach\u00e1dza v\u00a0katastri obce Ve\u013ek\u00fd \u0160ari\u0161. Tu m\u00f4\u017eete spozna\u0165 cel\u00fa jeho faunu a\u00a0fl\u00f3ru.","breadcrumb":{"@id":"https:\/\/www.hradsaris.sk\/ochrana-prirody\/#breadcrumb"},"inLanguage":"en-GB","potentialAction":[{"@type":"ReadAction","target":["https:\/\/www.hradsaris.sk\/ochrana-prirody\/"]}]},{"@type":"BreadcrumbList","@id":"https:\/\/www.hradsaris.sk\/ochrana-prirody\/#breadcrumb","itemListElement":[{"@type":"ListItem","position":1,"name":"Home","item":"https:\/\/www.hradsaris.sk\/"},{"@type":"ListItem","position":2,"name":"Ochrana pr\u00edrody"}]},{"@type":"WebSite","@id":"https:\/\/www.hradsaris.sk\/#website","url":"https:\/\/www.hradsaris.sk\/","name":"Hrad \u0160ari\u0161","description":"Historick\u00e9 srdce \u0160ari\u0161a","potentialAction":[{"@type":"SearchAction","target":{"@type":"EntryPoint","urlTemplate":"https:\/\/www.hradsaris.sk\/?s={search_term_string}"},"query-input":"required name=search_term_string"}],"inLanguage":"en-GB"}]}},"_links":{"self":[{"href":"https:\/\/www.hradsaris.sk\/wp-json\/wp\/v2\/pages\/32563"}],"collection":[{"href":"https:\/\/www.hradsaris.sk\/wp-json\/wp\/v2\/pages"}],"about":[{"href":"https:\/\/www.hradsaris.sk\/wp-json\/wp\/v2\/types\/page"}],"author":[{"embeddable":true,"href":"https:\/\/www.hradsaris.sk\/wp-json\/wp\/v2\/users\/1"}],"replies":[{"embeddable":true,"href":"https:\/\/www.hradsaris.sk\/wp-json\/wp\/v2\/comments?post=32563"}],"version-history":[{"count":6,"href":"https:\/\/www.hradsaris.sk\/wp-json\/wp\/v2\/pages\/32563\/revisions"}],"predecessor-version":[{"id":32829,"href":"https:\/\/www.hradsaris.sk\/wp-json\/wp\/v2\/pages\/32563\/revisions\/32829"}],"wp:attachment":[{"href":"https:\/\/www.hradsaris.sk\/wp-json\/wp\/v2\/media?parent=32563"}],"curies":[{"name":"wp","href":"https:\/\/api.w.org\/{rel}","templated":true}]}}